{"id":8261,"date":"2026-03-06T12:02:05","date_gmt":"2026-03-06T12:02:05","guid":{"rendered":"https:\/\/www.locationlacannecy.fr\/blog\/?p=8261"},"modified":"2026-03-26T11:58:22","modified_gmt":"2026-03-26T11:58:22","slug":"locations-chalets-courchevel","status":"publish","type":"page","link":"https:\/\/www.locationlacannecy.fr\/blog\/locations-chalets-courchevel\/","title":{"rendered":"Nos locations de chalets \u00e0 Courchevel"},"content":{"rendered":"\t\t<div data-elementor-type=\"wp-post\" data-elementor-id=\"8261\" class=\"elementor elementor-8261\" data-elementor-post-type=\"page\">\n\t\t\t\t<div class=\"elementor-element elementor-element-590d5d7b e-con-full e-flex e-con e-parent\" data-id=\"590d5d7b\" data-element_type=\"container\" data-e-type=\"container\" data-settings=\"{&quot;background_background&quot;:&quot;classic&quot;}\">\n\t\t<div class=\"elementor-element elementor-element-3ba5dc5 e-flex e-con-boxed e-con e-child\" data-id=\"3ba5dc5\" data-element_type=\"container\" data-e-type=\"container\">\n\t\t\t\t\t<div class=\"e-con-inner\">\n\t\t<div class=\"elementor-element elementor-element-2a13fa8f e-con-full e-flex e-con e-child\" data-id=\"2a13fa8f\" data-element_type=\"container\" data-e-type=\"container\" data-settings=\"{&quot;background_background&quot;:&quot;classic&quot;}\">\n\t\t\t\t<div class=\"elementor-element elementor-element-5962efae elementor-widget elementor-widget-heading\" data-id=\"5962efae\" data-element_type=\"widget\" data-e-type=\"widget\" data-widget_type=\"heading.default\">\n\t\t\t\t<div class=\"elementor-widget-container\">\n\t\t\t\t\t<h1 class=\"elementor-heading-title elementor-size-default\">Nos locations de chalets \u00e0 Courchevel<\/h1>\t\t\t\t<\/div>\n\t\t\t\t<\/div>\n\t\t\t\t<div class=\"elementor-element elementor-element-c7a5313 elementor-widget elementor-widget-heading\" data-id=\"c7a5313\" data-element_type=\"widget\" data-e-type=\"widget\" data-widget_type=\"heading.default\">\n\t\t\t\t<div class=\"elementor-widget-container\">\n\t\t\t\t\t<h2 class=\"elementor-heading-title elementor-size-default\">Exp\u00e9rience inoubliable dans les Alpes<\/h2>\t\t\t\t<\/div>\n\t\t\t\t<\/div>\n\t\t\t\t<\/div>\n\t\t\t\t<div class=\"elementor-element elementor-element-93c13bb elementor-widget elementor-widget-shortcode\" data-id=\"93c13bb\" data-element_type=\"widget\" data-e-type=\"widget\" data-widget_type=\"shortcode.default\">\n\t\t\t\t<div class=\"elementor-widget-container\">\n\t\t\t\t\t\t\t<div class=\"elementor-shortcode\">\n  <div id='miniformulario_slider'>\n    \r\n<link rel=\"stylesheet\" href=\"https:\/\/crs.avantio.com\/default\/css\/flexible-search.css\" type=\"text\/css\">\r\n<div id=\"sombrap\" >\r\n\t<div id=\"contenedor2\">\r\n\t\t<div id=\"contenidop2\" >\r\n\t\t\t<form name=\"formBusquedaAlquileres\" autocomplete=\"off\" id=\"formBusquedaAlquileres\" target=\"_parent\" method=\"POST\" action=\"\/formularioMiniOptimized.php\">\r\n                <INPUT type=\"hidden\" name=\"FRMNuevaBusqueda\" value='si'>\r\n                <INPUT type=\"hidden\" name=\"FRMPopup\" value='si'>\r\n                <INPUT type=\"hidden\" name=\"FORMULARIO\" value='ALQUILER_ONLINE'>\r\n                <INPUT type=\"hidden\" name=\"FRMPurpose\" value='ALQUILER'>\r\n                <INPUT type=\"hidden\" name=\"bk\"  id=\"bk\" value='bk_locationlacann'>\r\n                <INPUT type=\"hidden\" name=\"Idioma\" id=\"Idioma\" value='FR'>\r\n                <INPUT type=\"hidden\" name=\"EdadesNinyos\" id=\"EdadesNinyos\" value=''>\r\n                <INPUT type=\"hidden\" name=\"tiposPlural\"  id=\"tiposPlural\" value='appartements-chalets-domaine'>\r\n                <INPUT type=\"hidden\" name=\"idbk\"  id=\"idbk\" value='2218'>\r\n                <INPUT type=\"hidden\" name=\"esPortal\"  id=\"esPortal\" value='0'>\r\n                <INPUT type=\"hidden\" name=\"esBk2\"  id=\"esBk2\" value=''>\r\n                <INPUT type=\"hidden\" name=\"idReferer\"  id=\"idReferer\" value=''>\r\n                <INPUT type=\"hidden\" name=\"Margen_inicio_reserva\"  id=\"Margen_inicio_reserva\" value='1'>\r\n                <INPUT type=\"hidden\" name=\"RELEASE_MIN_PROPIEDAD\"  id=\"RELEASE_MIN_PROPIEDAD\" value=''>\r\n                <INPUT type=\"hidden\" name=\"release_time_zone\"  id=\"release_time_zone\"  value=''>\r\n                <INPUT type=\"hidden\" name=\"limitMonths\"  id=\"limitMonths\"  value='24'>\r\n                <INPUT type=\"hidden\" name=\"seleccionObligadaPais\"  id=\"seleccionObligadaPais\" value='0'>\r\n                <INPUT type=\"hidden\" name=\"seleccionObligadaZona\"  id=\"seleccionObligadaZona\" value='0'>\r\n                <INPUT type=\"hidden\" name=\"seleccionObligadaProvincia\"  id=\"seleccionObligadaProvincia\" value='0'>\r\n                <INPUT type=\"hidden\" name=\"seleccionObligadaRegionProvincia\"  id=\"seleccionObligadaRegionProvincia\" value='0'>\r\n                <INPUT type=\"hidden\" name=\"seleccionObligadaPoblacion\"  id=\"seleccionObligadaPoblacion\" value='0'>\r\n                <INPUT type=\"hidden\" name=\"filtroNombre\"  id=\"filtroNombre\" value='1'>\r\n                <INPUT type=\"hidden\" name=\"filtroPais\"  id=\"filtroPais\" value='0'>\r\n                <INPUT type=\"hidden\" name=\"filtroZonas\"  id=\"filtroZonas\" value='1'>\r\n                <INPUT type=\"hidden\" name=\"filtroRegionProvincia\" id=\"filtroRegionProvincia\" value='0'>\r\n                <INPUT type=\"hidden\" name=\"filtroProvincia\" id=\"filtroProvincia\" value='0'>\r\n                <INPUT type=\"hidden\" name=\"filtroCategoriasBuscador\" id=\"filtroCategoriasBuscador\" value='0'>\r\n                <INPUT type=\"hidden\" name=\"filtroDestino\" id=\"filtroDestino\" value='1'>\r\n                <INPUT type=\"hidden\" name=\"filtroUrbaEdif\" id=\"filtroUrbaEdif\" value='0'>\r\n                <INPUT type=\"hidden\" name=\"filtroClase\" id=\"filtroClase\" value='1'>\r\n                <INPUT type=\"hidden\" name=\"filtroBarrio\" id=\"filtroBarrio\" value='0'>\r\n                <INPUT type=\"hidden\" name=\"errorBusquedaPais\"  id=\"errorBusquedaPais\" value='Vous devez s\u00e9lectionner un pays'>\r\n                <INPUT type=\"hidden\" name=\"errorBusquedaDestino\"  id=\"errorBusquedaDestino\" value='Vous devez s\u00e9lectionner une localit\u00e8'>\r\n                <INPUT type=\"hidden\" name=\"errorBusquedaProvincia\"  id=\"errorBusquedaProvincia\" value='Vous devez s\u00e9lectionner un d\u00e9partement'>\r\n                <INPUT type=\"hidden\" name=\"errorBusquedaRegionProvincia\"  id=\"errorBusquedaRegionProvincia\" value='Vous devez s\u00e9lectionner une r\u00e9gion-d\u00e9partement'>\r\n                <INPUT type=\"hidden\" name=\"errorBusquedaZona\"  id=\"errorBusquedaZona\" value='Vous devez s\u00e9lectionner une r\u00e9gion'>\r\n                <INPUT type=\"hidden\" name=\"errorBusquedaAdultos\"  id=\"errorBusquedaAdultos\" value='S\u00b4il vous pla\u00eet, introduisez un nombre de personnes'>\r\n\t\t\t\t<INPUT type=\"hidden\" name=\"errorBusquedaNinyos\"  id=\"errorBusquedaNinyos\" value=\"Veuillez introduire l\u00b4\u00e2ge des enfants\">\r\n                <INPUT type=\"hidden\" name=\"textoMetasEn\"  id=\"textoMetasEn\" value='a'>\r\n                <INPUT type=\"hidden\" name=\"urlAlquiler\"  id=\"urlAlquiler\" value='location'>  \r\n                <INPUT type=\"hidden\" name=\"urlAlq\"  id=\"urlAlq\" value='location'>\r\n                <INPUT type=\"hidden\" name=\"urlVac\"  id=\"urlVac\" value='de-vacances'>\r\n                <INPUT type=\"hidden\" name=\"textoMetasEn\"  id=\"textoMetasEn\" value='a'>\r\n                <INPUT type=\"hidden\" name=\"i18tiposPlural\"  id=\"i18tiposPlural\" value=\"1\/appartements;2\/villas;3\/hotels;4\/apparhotels;6\/appartements;7\/locaux-commerciaux;9\/g\u00eete-ruraux;10\/garages;13\/chalets;14\/studio;19\/maisons;20\/chalets;21\/bungalows;22\/domaine;27\/mobile-home;28\/chambres-hotes;29\/apparts-au-dernier-\u00e9tage;30\/cession-de-bail;31\/bateaux;32\/r\u00e9sidences;33\/maisons-mitoyennes;34\/s\u00e9jours-\u00e0-la-ferme;35\/trullo;36\/Cabanes;\">\r\n                <INPUT type=\"hidden\" name=\"cargandoDatos\"  id=\"cargandoDatos\" value='Donn\u00e9es de chargement...'>\r\n                <INPUT type=\"hidden\" name=\"formatoUrl\"  id=\"formatoUrl\" value=1>\r\n                <INPUT type=\"hidden\" name=\"UrlOnline\"  id=\"UrlOnline\" value='1'>\r\n                <INPUT type=\"hidden\" name=\"APP_PROTO\"  id=\"APP_PROTO\" value='https:'>\r\n                <INPUT type=\"hidden\" name=\"ES_MINIFORM\" id=\"ES_MINIFORM\" value='1'>\r\n                <INPUT type=\"hidden\" name=\"datePickerFormat\" id=\"datePickerFormat\" value='dd\/mm\/yy'>\r\n                <INPUT type=\"hidden\" name=\"firstDayOfWeek\" id=\"firstDayOfWeek\" value='1'>\r\n                <INPUT type=\"hidden\" name=\"EDAD_MAXIMA_NINYO\" id=\"EDAD_MAXIMA_NINYO\" value='17'>\r\n                <INPUT type=\"hidden\" name=\"target\" id=\"target\" value=''>\r\n                <INPUT type=\"hidden\" name=\"flexible-search\" id=\"flexible-search\" value='0'>\r\n                <INPUT type=\"hidden\" name=\"template-version\" id=\"template-version\" value='redesign'>\r\n                                                <INPUT type=\"hidden\" name=\"rutaRewriteOnline\"  id=\"rutaRewriteOnline\" value='www.locationlacannecy.fr'>\r\n                                <INPUT type=\"hidden\" name=\"BusquedaPor\"  id=\"BusquedaPor\" value='ZONAS-REGIONES'>\r\n\r\n                                <div id=\"tabla_form\">\r\n                    \n    <div class=\"wrapper-travel-period formGroup formGroupBig\">\n      <div class=\"form_item\">\n        <label for=\"travel-period\">Les dates<\/label>\n        <input placeholder=\"Depuis le - Jusqu'au\" name=\"travel-period\" id=\"travel-period\" type=\"text\" class=\"select_formulario buscador_home_input_dia\" value=\"\" size=\"12\" readonly=\"true\" \/>\n        <input data-translation=\"Depuis le\" name=\"FRMEntrada\" id=\"FRMEntrada\" type=\"hidden\" value=\"\" readonly=\"true\" \/>\n        <input data-translation=\"Jusqu'au\" name=\"FRMSalida\" id=\"FRMSalida\" type=\"hidden\" value=\"\" readonly=\"true\" \/>\n        <input data-translation=\"nuit,nuits\" name=\"FRMNoches\" id=\"FRMNoches\" type=\"hidden\" value=\"\" readonly=\"true\" \/>\n\n              <\/div>\n    <\/div>\n\n      <div class=\"wrapper-FRMZona formGroup formGroupBig\">\n      <div class=\"FRMZona form_item\">\n        <label for=\"FRMZona\">Secteur<\/label>\n        <select name=\"FRMZona\" class=\"select select_formulario\" id=\"FRMZona\"  onChange=\"javascript:ejecutaXAJAX('FRMZona');\"  >\n          <option value=''>Choisir<\/option><option value='1947'>Alpes Montagne (119)<\/option><option value='1932'>Lac Annecy (84)<\/option><option value='2724'>Lac L\u00e9man (1)<\/option>        <\/select>\n      <\/div>\n    <\/div>\n  \n  <div class=\"wrapper-FRMAdultos formGroup formGroupSmall\">\n    <div class=\"FRMAdultos form_item\">\n      <label for=\"FRMAdultos\">Adultes<\/label>\n      <select name=\"FRMAdultos\" id=\"FRMAdultos\" class=\"select select_formulario\">\n        <option value=\"\">Choisir<\/option><option value=\"1\" >1<\/option><option value=\"2\" >2<\/option><option value=\"3\" >3<\/option><option value=\"4\" >4<\/option><option value=\"5\" >5<\/option><option value=\"6\" >6<\/option><option value=\"7\" >7<\/option><option value=\"8\" >8<\/option><option value=\"9\" >9<\/option><option value=\"10\" >10<\/option><option value=\"11\" >11<\/option><option value=\"12\" >12<\/option><option value=\"13\" >13<\/option><option value=\"14\" >14<\/option><option value=\"15\" >15<\/option><option value=\"16\" >16<\/option><option value=\"17\" >17<\/option><option value=\"18\" >18<\/option><option value=\"19\" >19<\/option><option value=\"20\" >20<\/option><option value=\"21\" >21<\/option><option value=\"22\" >22<\/option>      <\/select>\n    <\/div>\n  <\/div>\n  <div class=\"wrapper-FRMNinyos formGroup formGroupSmall\">\n    <div class=\"FRMNinyos form_item\">\n      <label for=\"FRMNinyos\">Enfants<\/label>\n      <select placeholder=\"Ni\u00f1os\" id=\"FRMNinyos\" name=\"FRMNinyos\" class=\"select select_formulario separa\" onChange=\"javascript:OcultaBoton();\">\n        <option value=\"\">Choisir<\/option><option value=\"1\" >1<\/option><option value=\"2\" >2<\/option><option value=\"3\" >3<\/option><option value=\"4\" >4<\/option><option value=\"5\" >5<\/option><option value=\"6\" >6<\/option>      <\/select>\n    <\/div>\n  <\/div>\n\n<div id=\"contenido_buscar\" class=\"formGroup formGroupBig\">\n  <a href=\"javascript:void(0)\" class=\"boton notranslate\" id=\"buscar\" onclick=\"if (validaForm()){enviaForm('')};\" aria-label=\"Rechercher des propri\u00e9t\u00e9s\">Rechercher<\/a>\n<\/div>\n                <\/div>\r\n            <\/form>\r\n        <\/div>\r\n    <\/div>\r\n<\/div>\r\n\t<script type=\"text\/javascript\">\nvar xajaxRequestUri=\"https:\/\/www.locationlacannecy.fr\/location\/gestorFormulario.php\";\nvar xajaxDebug=false;\nvar xajaxStatusMessages=false;\nvar xajaxWaitCursor=true;\nvar xajaxDefinedGet=0;\nvar xajaxDefinedPost=1;\nvar xajaxLoaded=false;\nfunction xajax_buscando(){return xajax.call(\"buscando\", arguments, 1);}\nfunction xajax_resultados(){return xajax.call(\"resultados\", arguments, 1);}\nfunction xajax_edadesninyos(){return xajax.call(\"edadesninyos\", arguments, 1);}\nfunction xajax_edadesninyos2(){return xajax.call(\"edadesninyos2\", arguments, 1);}\nfunction xajax_calculaDispoLE(){return xajax.call(\"calculaDispoLE\", arguments, 1);}\nfunction xajax_calculaPrecio(){return xajax.call(\"calculaPrecio\", arguments, 1);}\nfunction xajax_showTarifas(){return xajax.call(\"showTarifas\", arguments, 1);}\nfunction xajax_appendTarifa(){return xajax.call(\"appendTarifa\", arguments, 1);}\nfunction xajax_appendDescuento(){return xajax.call(\"appendDescuento\", arguments, 1);}\nfunction xajax_showPeriodos(){return xajax.call(\"showPeriodos\", arguments, 1);}\nfunction xajax_calculaPrecioHotel(){return xajax.call(\"calculaPrecioHotel\", arguments, 1);}\nfunction xajax_refrescaCombos(){return xajax.call(\"refrescaCombos\", arguments, 1);}\nfunction xajax_autoComplete(){return xajax.call(\"autoComplete\", arguments, 1);}\nfunction xajax_insertaFavorito(){return xajax.call(\"insertaFavorito\", arguments, 1);}\nfunction xajax_codigoPromocional(){return xajax.call(\"codigoPromocional\", arguments, 1);}\nfunction xajax_guardaValoracionUtil(){return xajax.call(\"guardaValoracionUtil\", arguments, 1);}\nfunction xajax_getURLBusqueda(){return xajax.call(\"getURLBusqueda\", arguments, 1);}\nfunction xajax_getURLForm(){return xajax.call(\"getURLForm\", arguments, 1);}\nfunction xajax_setCookieCurrency(){return xajax.call(\"setCookieCurrency\", arguments, 1);}\nfunction xajax_enviaContacto(){return xajax.call(\"enviaContacto\", arguments, 1);}\nfunction xajax_calculaPrecioReserva(){return xajax.call(\"calculaPrecioReserva\", arguments, 1);}\nfunction xajax_changeUrlResultados(){return xajax.call(\"changeUrlResultados\", arguments, 1);}\nfunction xajax_sendByEmail(){return xajax.call(\"sendByEmail\", arguments, 1);}\n\t<\/script>\n\t<script type=\"text\/javascript\" src=\"https:\/\/crs.avantio.com\/default\/js\/xajax\/xajax_js\/xajax.js\"><\/script>\n\t<script type=\"text\/javascript\">\nwindow.setTimeout(function () { if (!xajaxLoaded) { alert('Error: the xajax Javascript file could not be included. Perhaps the URL is incorrect?\\nURL: .\/default\/js\/xajax\/xajax_js\/xajax.js'); } }, 6000);\n\t<\/script>\n  <\/div>\n\n  \n    <script type=\"text\/javascript\">\n      window.$ = jQuery;\n    <\/script>\n\n    <script>if (!window.jQuery || typeof jQuery == 'undefined') {document.write('<script src=\"https:\/\/crs.avantio.com\/default\/js\/jquery-3.4.1.min.js\"><\\\/script>')}<\/script>\r\n<script async type=\"text\/javascript\" src=\"https:\/\/crs.avantio.com\/default\/js\/stringsFunctions.js\"><\/script>\r\n<script async type=\"text\/javascript\" src=\"https:\/\/crs.avantio.com\/default\/js\/formulario_miniselects.js\"><\/script>\r\n<script>if (jQuery('#autosuggest').length>0) {\r\ndocument.write('<script src=\"https:\/\/crs.avantio.com\/default\/js\/jquery-ui-1.12.1.min.js\"><\\\/script>');\r\ndocument.write('<script type=\"text\/javascript\" src=\"https:\/\/crs.avantio.com\/default\/js\/crs_generic.js\"><\\\/script>');\r\n}\r\n<\/script>\r\n    \n    \n  \n  <\/div>\n\t\t\t\t\t\t<\/div>\n\t\t\t\t<\/div>\n\t\t\t\t\t<\/div>\n\t\t\t\t<\/div>\n\t\t\t\t<\/div>\n\t\t<div class=\"elementor-element elementor-element-3e86018a e-flex e-con-boxed e-con e-parent\" data-id=\"3e86018a\" data-element_type=\"container\" data-e-type=\"container\">\n\t\t\t\t\t<div class=\"e-con-inner\">\n\t\t<div class=\"elementor-element elementor-element-3e9a9517 e-con-full e-flex e-con e-child\" data-id=\"3e9a9517\" data-element_type=\"container\" data-e-type=\"container\">\n\t\t\t\t<div class=\"elementor-element elementor-element-5f9fd290 elementor-widget elementor-widget-heading\" data-id=\"5f9fd290\" data-element_type=\"widget\" data-e-type=\"widget\" data-widget_type=\"heading.default\">\n\t\t\t\t<div class=\"elementor-widget-container\">\n\t\t\t\t\t<p class=\"elementor-heading-title elementor-size-default\"><a href=\"https:\/\/www.locationlacannecy.fr\/location\/chalets-courchevel-c20d391206\/tag-aux-pieds-des-pistes-de-ski\/\">Au pieds des pistes<\/a><\/p>\t\t\t\t<\/div>\n\t\t\t\t<\/div>\n\t\t\t\t<\/div>\n\t\t<div class=\"elementor-element elementor-element-3c49cca4 e-con-full e-flex e-con e-child\" data-id=\"3c49cca4\" data-element_type=\"container\" data-e-type=\"container\">\n\t\t\t\t<div class=\"elementor-element elementor-element-7bda6298 elementor-widget elementor-widget-heading\" data-id=\"7bda6298\" data-element_type=\"widget\" data-e-type=\"widget\" data-widget_type=\"heading.default\">\n\t\t\t\t<div class=\"elementor-widget-container\">\n\t\t\t\t\t<p class=\"elementor-heading-title elementor-size-default\"><a href=\"https:\/\/www.locationlacannecy.fr\/location\/chalets-courchevel-c20d391206\/tag-biens-de-luxe-5-\/\">Collection luxe<\/a><\/p>\t\t\t\t<\/div>\n\t\t\t\t<\/div>\n\t\t\t\t<\/div>\n\t\t<div class=\"elementor-element elementor-element-766a3aec e-con-full e-flex e-con e-child\" data-id=\"766a3aec\" data-element_type=\"container\" data-e-type=\"container\">\n\t\t\t\t<div class=\"elementor-element elementor-element-1aca3823 elementor-widget elementor-widget-heading\" data-id=\"1aca3823\" data-element_type=\"widget\" data-e-type=\"widget\" data-widget_type=\"heading.default\">\n\t\t\t\t<div class=\"elementor-widget-container\">\n\t\t\t\t\t<p class=\"elementor-heading-title elementor-size-default\"><a href=\"https:\/\/www.locationlacannecy.fr\/location\/chalets-courchevel-c20d391206\/tag-piscine\/\">Piscine<\/a><\/p>\t\t\t\t<\/div>\n\t\t\t\t<\/div>\n\t\t\t\t<\/div>\n\t\t<div class=\"elementor-element elementor-element-a7215f6 e-con-full e-flex e-con e-child\" data-id=\"a7215f6\" data-element_type=\"container\" data-e-type=\"container\">\n\t\t\t\t<div class=\"elementor-element elementor-element-49d120f6 elementor-widget elementor-widget-heading\" data-id=\"49d120f6\" data-element_type=\"widget\" data-e-type=\"widget\" data-widget_type=\"heading.default\">\n\t\t\t\t<div class=\"elementor-widget-container\">\n\t\t\t\t\t<p class=\"elementor-heading-title elementor-size-default\"><a href=\"https:\/\/www.locationlacannecy.fr\/location\/chalets-courchevel-c20d391206\/tag-jacuzzi-sauna\/\">Jacuzzi\/Sauna<\/a><\/p>\t\t\t\t<\/div>\n\t\t\t\t<\/div>\n\t\t\t\t<\/div>\n\t\t\t\t\t<\/div>\n\t\t\t\t<\/div>\n\t\t<div class=\"elementor-element elementor-element-6a76b11 e-flex e-con-boxed e-con e-parent\" data-id=\"6a76b11\" data-element_type=\"container\" data-e-type=\"container\">\n\t\t\t\t\t<div class=\"e-con-inner\">\n\t\t\t\t<div class=\"elementor-element elementor-element-e494128 elementor-widget elementor-widget-heading\" data-id=\"e494128\" data-element_type=\"widget\" data-e-type=\"widget\" data-widget_type=\"heading.default\">\n\t\t\t\t<div class=\"elementor-widget-container\">\n\t\t\t\t\t<h2 class=\"elementor-heading-title elementor-size-default\">Notre s\u00e9lection de chalets \u00e0 Courchevel<\/h2>\t\t\t\t<\/div>\n\t\t\t\t<\/div>\n\t\t\t\t<div class=\"elementor-element elementor-element-afcfaf3 elementor-widget-divider--view-line elementor-widget elementor-widget-divider\" data-id=\"afcfaf3\" data-element_type=\"widget\" data-e-type=\"widget\" data-widget_type=\"divider.default\">\n\t\t\t\t<div class=\"elementor-widget-container\">\n\t\t\t\t\t\t\t<div class=\"elementor-divider\">\n\t\t\t<span class=\"elementor-divider-separator\">\n\t\t\t\t\t\t<\/span>\n\t\t<\/div>\n\t\t\t\t\t\t<\/div>\n\t\t\t\t<\/div>\n\t\t\t\t<div class=\"elementor-element elementor-element-f0dcd8f elementor-widget elementor-widget-grid\" data-id=\"f0dcd8f\" data-element_type=\"widget\" data-e-type=\"widget\" data-widget_type=\"grid.default\">\n\t\t\t\t<div class=\"elementor-widget-container\">\n\t\t\t\t\t\t\t<div class=\"its--row alojamientos-recomendados\">\n\n\t\t\t<div class=\"alojamientos-recomendados-container\">\n\n\t\t\t\t\t\n\t\t\t\t\t<a href=\"https:\/\/www.locationlacannecy.fr\/location\/chalet-courchevel-winter-courchevel-chaleureux-chalet-de-standing-299550.html\" rel=\"nofollow\" style=\"width: 32%;\">\n\t\t\t\t\t\t<div class=\"apartamento-box\">\n\t\t\t\t\t\t\t<div class=\"imagen_recomendados\">\n\t\t\t\t\t\t\t\t<img decoding=\"async\" src=\"https:\/\/crs.avantio.com\/fotos\/2\/1571059761c8950cc92fd9eaa7df65c1e0bacaddb1\/big1699532873d7f5dc915dff3bac9e657a6cc258c328.jpg\" alt=\"Winter Courchevel \/\/ Chaleureux chalet de standing\">\n\t\t\t\t\t\t\t<\/div>\n\t\t\t\t\t\t\t<div class=\"info\">\n\t\t\t\t\t\t\t\t<div class=\"ubicacion\">\n\t\t\t\t\t\t\t\t\t<i class=\"fa-solid fa-location-dot icono-mapa\"><\/i><span class=\"ubicacion-texto\">Courchevel - Savoie<\/span>\n\t\t\t\t\t\t\t\t<\/div>\n\t\t\t\t\t\t\t\t<H3 class=\"titulo-alojamiento\">\n\t\t\t\t\t\t\t\t\tWinter Courchevel \/\/ Chaleureux chalet de standing\t\t\t\t\t\t\t\t<\/H3>\n\t\t\t\t\t\t\t\t<p class=\"precio-alojamiento\"><\/p>\n\t\t\t\t\t\t\t<\/div>\n\t\t\t\t\t\t<\/div>\n\t\t\t\t\t<\/a> \n\t\t\t\t\t\t\n\t\t\t\t\t<a href=\"https:\/\/www.locationlacannecy.fr\/location\/chalet-courchevel-winter-courchevel-le-wood-and-stone-ski-in-out-299836.html\" rel=\"nofollow\" style=\"width: 32%;\">\n\t\t\t\t\t\t<div class=\"apartamento-box\">\n\t\t\t\t\t\t\t<div class=\"imagen_recomendados\">\n\t\t\t\t\t\t\t\t<img decoding=\"async\" src=\"https:\/\/crs.avantio.com\/fotos\/2\/15713087015d1a3763b736aa4bf304b5be71259aec\/big1694609002631518b938ea92a8509a25f6d3918a1f.jpg\" alt=\"Winter Courchevel -- Le Wood and Stone SKI IN OUT\">\n\t\t\t\t\t\t\t<\/div>\n\t\t\t\t\t\t\t<div class=\"info\">\n\t\t\t\t\t\t\t\t<div class=\"ubicacion\">\n\t\t\t\t\t\t\t\t\t<i class=\"fa-solid fa-location-dot icono-mapa\"><\/i><span class=\"ubicacion-texto\">Courchevel - Savoie<\/span>\n\t\t\t\t\t\t\t\t<\/div>\n\t\t\t\t\t\t\t\t<H3 class=\"titulo-alojamiento\">\n\t\t\t\t\t\t\t\t\tWinter Courchevel -- Le Wood and Stone SKI IN OUT\t\t\t\t\t\t\t\t<\/H3>\n\t\t\t\t\t\t\t\t<p class=\"precio-alojamiento\">\u00c0 partir de <span class=\"precio\">15000.00\u20ac<\/span> par nuit<\/p>\n\t\t\t\t\t\t\t<\/div>\n\t\t\t\t\t\t<\/div>\n\t\t\t\t\t<\/a> \n\t\t\t\t\t\t\n\t\t\t\t\t<a href=\"https:\/\/www.locationlacannecy.fr\/location\/chalet-courchevel-winter-courchevel-chalet-coeur-village-skinout-299866.html\" rel=\"nofollow\" style=\"width: 32%;\">\n\t\t\t\t\t\t<div class=\"apartamento-box\">\n\t\t\t\t\t\t\t<div class=\"imagen_recomendados\">\n\t\t\t\t\t\t\t\t<img decoding=\"async\" src=\"https:\/\/crs.avantio.com\/fotos\/2\/1571317134c0231a258acda6840e2863ddb0256c78\/big15747039023156276e4c4a226b2f139a170148cce2.jpg\" alt=\"Winter Courchevel \/\/ Chalet coeur village SKINOUT\">\n\t\t\t\t\t\t\t<\/div>\n\t\t\t\t\t\t\t<div class=\"info\">\n\t\t\t\t\t\t\t\t<div class=\"ubicacion\">\n\t\t\t\t\t\t\t\t\t<i class=\"fa-solid fa-location-dot icono-mapa\"><\/i><span class=\"ubicacion-texto\">Courchevel - Savoie<\/span>\n\t\t\t\t\t\t\t\t<\/div>\n\t\t\t\t\t\t\t\t<H3 class=\"titulo-alojamiento\">\n\t\t\t\t\t\t\t\t\tWinter Courchevel \/\/ Chalet coeur village SKINOUT\t\t\t\t\t\t\t\t<\/H3>\n\t\t\t\t\t\t\t\t<p class=\"precio-alojamiento\"><\/p>\n\t\t\t\t\t\t\t<\/div>\n\t\t\t\t\t\t<\/div>\n\t\t\t\t\t<\/a> \n\t\t\t\t\t\t\n\t\t\t\t\t<a href=\"https:\/\/www.locationlacannecy.fr\/location\/chalet-courchevel-winter-courchevel-semi-chalet-grande-casse-4-457250.html\" rel=\"nofollow\" style=\"width: 32%;\">\n\t\t\t\t\t\t<div class=\"apartamento-box\">\n\t\t\t\t\t\t\t<div class=\"imagen_recomendados\">\n\t\t\t\t\t\t\t\t<img decoding=\"async\" src=\"https:\/\/crs.avantio.com\/fotos\/2\/1702301649f6ba13b2254a2e6e2dbf2efecaab44ff\/big17023016506c2faa3f0f7eb0f93d24f18eca2ffb31.jpg\" alt=\"Winter Courchevel -- Semi-Chalet Grande Casse, 4\u2605\">\n\t\t\t\t\t\t\t<\/div>\n\t\t\t\t\t\t\t<div class=\"info\">\n\t\t\t\t\t\t\t\t<div class=\"ubicacion\">\n\t\t\t\t\t\t\t\t\t<i class=\"fa-solid fa-location-dot icono-mapa\"><\/i><span class=\"ubicacion-texto\">Courchevel - Savoie<\/span>\n\t\t\t\t\t\t\t\t<\/div>\n\t\t\t\t\t\t\t\t<H3 class=\"titulo-alojamiento\">\n\t\t\t\t\t\t\t\t\tWinter Courchevel -- Semi-Chalet Grande Casse, 4\u2605\t\t\t\t\t\t\t\t<\/H3>\n\t\t\t\t\t\t\t\t<p class=\"precio-alojamiento\">\u00c0 partir de <span class=\"precio\">8000.00\u20ac<\/span> par nuit<\/p>\n\t\t\t\t\t\t\t<\/div>\n\t\t\t\t\t\t<\/div>\n\t\t\t\t\t<\/a> \n\t\t\t\t\t\t\n\t\t\t\t\t<a href=\"https:\/\/www.locationlacannecy.fr\/location\/chalet-courchevel-winter-courchevel-semi-chalet-belle-place-2-457266.html\" rel=\"nofollow\" style=\"width: 32%;\">\n\t\t\t\t\t\t<div class=\"apartamento-box\">\n\t\t\t\t\t\t\t<div class=\"imagen_recomendados\">\n\t\t\t\t\t\t\t\t<img decoding=\"async\" src=\"https:\/\/crs.avantio.com\/fotos\/2\/1702305927a511b12249dc82687cb7a880cc1bd555\/big1733221877eb6f42cb092f0947cf1d621302350551.jpg\" alt=\"Winter Courchevel -- Semi-Chalet Belle Place 2\">\n\t\t\t\t\t\t\t<\/div>\n\t\t\t\t\t\t\t<div class=\"info\">\n\t\t\t\t\t\t\t\t<div class=\"ubicacion\">\n\t\t\t\t\t\t\t\t\t<i class=\"fa-solid fa-location-dot icono-mapa\"><\/i><span class=\"ubicacion-texto\">Courchevel - Savoie<\/span>\n\t\t\t\t\t\t\t\t<\/div>\n\t\t\t\t\t\t\t\t<H3 class=\"titulo-alojamiento\">\n\t\t\t\t\t\t\t\t\tWinter Courchevel -- Semi-Chalet Belle Place 2\t\t\t\t\t\t\t\t<\/H3>\n\t\t\t\t\t\t\t\t<p class=\"precio-alojamiento\">\u00c0 partir de <span class=\"precio\">8000.00\u20ac<\/span> par nuit<\/p>\n\t\t\t\t\t\t\t<\/div>\n\t\t\t\t\t\t<\/div>\n\t\t\t\t\t<\/a> \n\t\t\t\t\t\t\n\t\t\t\t\t<a href=\"https:\/\/www.locationlacannecy.fr\/location\/chalet-courchevel-winter-courchevel-l-elegant-1550-private-wellness-506940.html\" rel=\"nofollow\" style=\"width: 32%;\">\n\t\t\t\t\t\t<div class=\"apartamento-box\">\n\t\t\t\t\t\t\t<div class=\"imagen_recomendados\">\n\t\t\t\t\t\t\t\t<img decoding=\"async\" src=\"https:\/\/crs.avantio.com\/fotos\/3\/17302937403758d1dde08948a12b3cc1d7da63f8d9\/big1730369936e7af8d83ec74d305c487007fff514671.jpg\" alt=\"Winter Courchevel -L\u2019Elegant 1550 private wellness\">\n\t\t\t\t\t\t\t<\/div>\n\t\t\t\t\t\t\t<div class=\"info\">\n\t\t\t\t\t\t\t\t<div class=\"ubicacion\">\n\t\t\t\t\t\t\t\t\t<i class=\"fa-solid fa-location-dot icono-mapa\"><\/i><span class=\"ubicacion-texto\">Courchevel - Savoie<\/span>\n\t\t\t\t\t\t\t\t<\/div>\n\t\t\t\t\t\t\t\t<H3 class=\"titulo-alojamiento\">\n\t\t\t\t\t\t\t\t\tWinter Courchevel -L\u2019Elegant 1550 private wellness\t\t\t\t\t\t\t\t<\/H3>\n\t\t\t\t\t\t\t\t<p class=\"precio-alojamiento\">\u00c0 partir de <span class=\"precio\">15714.00\u20ac<\/span> par nuit<\/p>\n\t\t\t\t\t\t\t<\/div>\n\t\t\t\t\t\t<\/div>\n\t\t\t\t\t<\/a> \n\t\t\t\t\t\t\n\t\t\t\t\t<a href=\"https:\/\/www.locationlacannecy.fr\/location\/chalet-courchevel-winter-courchevel-chalet-elixir-14p-523503.html\" rel=\"nofollow\" style=\"width: 32%;\">\n\t\t\t\t\t\t<div class=\"apartamento-box\">\n\t\t\t\t\t\t\t<div class=\"imagen_recomendados\">\n\t\t\t\t\t\t\t\t<img decoding=\"async\" src=\"https:\/\/crs.avantio.com\/fotos\/3\/1739291634de6541413610743cbdce7f90fa423ee2\/big1739291636837b7283ef04b806179cd9b60f90c095.jpg\" alt=\"Chalet Elixir\">\n\t\t\t\t\t\t\t<\/div>\n\t\t\t\t\t\t\t<div class=\"info\">\n\t\t\t\t\t\t\t\t<div class=\"ubicacion\">\n\t\t\t\t\t\t\t\t\t<i class=\"fa-solid fa-location-dot icono-mapa\"><\/i><span class=\"ubicacion-texto\">Courchevel - Savoie<\/span>\n\t\t\t\t\t\t\t\t<\/div>\n\t\t\t\t\t\t\t\t<H3 class=\"titulo-alojamiento\">\n\t\t\t\t\t\t\t\t\tChalet Elixir\t\t\t\t\t\t\t\t<\/H3>\n\t\t\t\t\t\t\t\t<p class=\"precio-alojamiento\"><\/p>\n\t\t\t\t\t\t\t<\/div>\n\t\t\t\t\t\t<\/div>\n\t\t\t\t\t<\/a> \n\t\t\t\t\t\t\n\t\t\t\t\t<a href=\"https:\/\/www.locationlacannecy.fr\/location\/chalet-courchevel-winter-courchevel-penthouse-l-ours-des-neiges-560376.html\" rel=\"nofollow\" style=\"width: 32%;\">\n\t\t\t\t\t\t<div class=\"apartamento-box\">\n\t\t\t\t\t\t\t<div class=\"imagen_recomendados\">\n\t\t\t\t\t\t\t\t<img decoding=\"async\" src=\"https:\/\/crs.avantio.com\/fotos\/3\/17477356081302f43889c1b90873ae7ef3a722812b\/big1747735637e5e891d861b308cd4e1e93b93d08b69c.jpg\" alt=\"Winter Courchevel \/\/ Penthouse L\u2019Ours des Neiges\">\n\t\t\t\t\t\t\t<\/div>\n\t\t\t\t\t\t\t<div class=\"info\">\n\t\t\t\t\t\t\t\t<div class=\"ubicacion\">\n\t\t\t\t\t\t\t\t\t<i class=\"fa-solid fa-location-dot icono-mapa\"><\/i><span class=\"ubicacion-texto\">Courchevel - Savoie<\/span>\n\t\t\t\t\t\t\t\t<\/div>\n\t\t\t\t\t\t\t\t<H3 class=\"titulo-alojamiento\">\n\t\t\t\t\t\t\t\t\tWinter Courchevel \/\/ Penthouse L\u2019Ours des Neiges\t\t\t\t\t\t\t\t<\/H3>\n\t\t\t\t\t\t\t\t<p class=\"precio-alojamiento\"><\/p>\n\t\t\t\t\t\t\t<\/div>\n\t\t\t\t\t\t<\/div>\n\t\t\t\t\t<\/a> \n\t\t\t\t\t\t\t\t<\/div>\n\t\t\t<\/div>\n\t\t\t\t\t\t<\/div>\n\t\t\t\t<\/div>\n\t\t\t\t<div class=\"elementor-element elementor-element-4d574b7 elementor-align-center elementor-widget elementor-widget-button\" data-id=\"4d574b7\" data-element_type=\"widget\" data-e-type=\"widget\" data-widget_type=\"button.default\">\n\t\t\t\t<div class=\"elementor-widget-container\">\n\t\t\t\t\t\t\t\t\t<div class=\"elementor-button-wrapper\">\n\t\t\t\t\t<a class=\"elementor-button elementor-button-link elementor-size-sm\" href=\"https:\/\/www.locationlacannecy.fr\/location\/chalets-courchevel-c20d391206\/\">\n\t\t\t\t\t\t<span class=\"elementor-button-content-wrapper\">\n\t\t\t\t\t\t\t\t\t<span class=\"elementor-button-text\">Plus de locations<\/span>\n\t\t\t\t\t<\/span>\n\t\t\t\t\t<\/a>\n\t\t\t\t<\/div>\n\t\t\t\t\t\t\t\t<\/div>\n\t\t\t\t<\/div>\n\t\t\t\t\t<\/div>\n\t\t\t\t<\/div>\n\t\t<div class=\"elementor-element elementor-element-bb74b96 e-flex e-con-boxed e-con e-parent\" data-id=\"bb74b96\" data-element_type=\"container\" data-e-type=\"container\" data-settings=\"{&quot;background_background&quot;:&quot;classic&quot;}\">\n\t\t\t\t\t<div class=\"e-con-inner\">\n\t\t\t\t<div class=\"elementor-element elementor-element-355c7e9 elementor-widget elementor-widget-heading\" data-id=\"355c7e9\" data-element_type=\"widget\" data-e-type=\"widget\" data-widget_type=\"heading.default\">\n\t\t\t\t<div class=\"elementor-widget-container\">\n\t\t\t\t\t<h2 class=\"elementor-heading-title elementor-size-default\">Des vacances haut de gamme \u00e0 Courchevel<\/h2>\t\t\t\t<\/div>\n\t\t\t\t<\/div>\n\t\t\t\t<div class=\"elementor-element elementor-element-99f709b elementor-widget-divider--view-line elementor-widget elementor-widget-divider\" data-id=\"99f709b\" data-element_type=\"widget\" data-e-type=\"widget\" data-widget_type=\"divider.default\">\n\t\t\t\t<div class=\"elementor-widget-container\">\n\t\t\t\t\t\t\t<div class=\"elementor-divider\">\n\t\t\t<span class=\"elementor-divider-separator\">\n\t\t\t\t\t\t<\/span>\n\t\t<\/div>\n\t\t\t\t\t\t<\/div>\n\t\t\t\t<\/div>\n\t\t\t\t<div class=\"elementor-element elementor-element-78e265f elementor-widget elementor-widget-text-editor\" data-id=\"78e265f\" data-element_type=\"widget\" data-e-type=\"widget\" data-widget_type=\"text-editor.default\">\n\t\t\t\t<div class=\"elementor-widget-container\">\n\t\t\t\t\t\t\t\t\t<p>S\u00e9journer dans un<strong> chalet \u00e0 Courchevel<\/strong> est bien plus qu\u2019un simple s\u00e9jour \u00e0 la montagne : c\u2019est une v\u00e9ritable exp\u00e9rience haut de gamme au c\u0153ur des Alpes fran\u00e7aises. R\u00e9put\u00e9e pour son \u00e9l\u00e9gance et la qualit\u00e9 de ses infrastructures, Courchevel s\u00e9duit les familles en qu\u00eate de confort, d\u2019intimit\u00e9 et de prestations exclusives.<\/p><p>Nos chalets de prestige, id\u00e9alement situ\u00e9s au c\u0153ur des <strong>3 Vall\u00e9es<\/strong>, offrent un acc\u00e8s privil\u00e9gi\u00e9 aux pistes et des prestations d&#8217;exception : espaces bien-\u00eatre priv\u00e9s, design alpin raffin\u00e9 et <a href=\"https:\/\/www.locationlacannecy.fr\/services-de-sophie\/\">services de conciergerie<\/a> sur mesure.<\/p><p>Bien plus qu\u2019une escale <strong>hivernale<\/strong>, Courchevel se vit intens\u00e9ment toute l\u2019ann\u00e9e. L\u2019hiver, elle s\u2019impose comme la capitale mondiale du ski. L<strong>\u2019\u00e9t\u00e9<\/strong>, la station r\u00e9v\u00e8le un visage plus vert et serein, devenant un terrain de jeu privil\u00e9gi\u00e9 pour la randonn\u00e9e, le VTT \u00e9lectrique ou le golf face au Mont-Blanc.<\/p>\t\t\t\t\t\t\t\t<\/div>\n\t\t\t\t<\/div>\n\t\t\t\t\t<\/div>\n\t\t\t\t<\/div>\n\t\t<div class=\"elementor-element elementor-element-bb43967 e-flex e-con-boxed e-con e-parent\" data-id=\"bb43967\" data-element_type=\"container\" data-e-type=\"container\" data-settings=\"{&quot;background_background&quot;:&quot;classic&quot;}\">\n\t\t\t\t\t<div class=\"e-con-inner\">\n\t\t<div class=\"elementor-element elementor-element-0bd3299 e-con-full e-flex e-con e-child\" data-id=\"0bd3299\" data-element_type=\"container\" data-e-type=\"container\">\n\t\t\t\t<div class=\"elementor-element elementor-element-685bd1f elementor-widget elementor-widget-text-editor\" data-id=\"685bd1f\" data-element_type=\"widget\" data-e-type=\"widget\" data-widget_type=\"text-editor.default\">\n\t\t\t\t<div class=\"elementor-widget-container\">\n\t\t\t\t\t\t\t\t\t<p><a href=\"https:\/\/www.locationlacannecy.fr\/location-vacances-courchevel\/\">LOCATIONS VACANCES<\/a><\/p>\t\t\t\t\t\t\t\t<\/div>\n\t\t\t\t<\/div>\n\t\t\t\t<\/div>\n\t\t<div class=\"elementor-element elementor-element-1602f1a e-con-full e-flex e-con e-child\" data-id=\"1602f1a\" data-element_type=\"container\" data-e-type=\"container\">\n\t\t\t\t<div class=\"elementor-element elementor-element-93186ac elementor-widget elementor-widget-text-editor\" data-id=\"93186ac\" data-element_type=\"widget\" data-e-type=\"widget\" data-widget_type=\"text-editor.default\">\n\t\t\t\t<div class=\"elementor-widget-container\">\n\t\t\t\t\t\t\t\t\t<p><a href=\"https:\/\/www.locationlacannecy.fr\/location-appartement-vacances-courchevel\/\">APPARTEMENTS<\/a><\/p>\t\t\t\t\t\t\t\t<\/div>\n\t\t\t\t<\/div>\n\t\t\t\t<\/div>\n\t\t\t\t\t<\/div>\n\t\t\t\t<\/div>\n\t\t<div class=\"elementor-element elementor-element-06d8237 e-flex e-con-boxed e-con e-parent\" data-id=\"06d8237\" data-element_type=\"container\" data-e-type=\"container\">\n\t\t\t\t\t<div class=\"e-con-inner\">\n\t\t\t\t<div class=\"elementor-element elementor-element-4259379 elementor-widget elementor-widget-heading\" data-id=\"4259379\" data-element_type=\"widget\" data-e-type=\"widget\" data-widget_type=\"heading.default\">\n\t\t\t\t<div class=\"elementor-widget-container\">\n\t\t\t\t\t<h2 class=\"elementor-heading-title elementor-size-default\">Chalets de luxe \u00e0 Courchevel<\/h2>\t\t\t\t<\/div>\n\t\t\t\t<\/div>\n\t\t\t\t<div class=\"elementor-element elementor-element-98ec563 elementor-widget elementor-widget-grid\" data-id=\"98ec563\" data-element_type=\"widget\" data-e-type=\"widget\" data-widget_type=\"grid.default\">\n\t\t\t\t<div class=\"elementor-widget-container\">\n\t\t\t\t\t\t\t<div class=\"its--row alojamientos-recomendados\">\n\n\t\t\t<div class=\"alojamientos-recomendados-container\">\n\n\t\t\t\t\t\n\t\t\t\t\t<a href=\"https:\/\/www.locationlacannecy.fr\/location\/chalet-courchevel-winter-courchevel-chaleureux-chalet-de-standing-299550.html\" rel=\"nofollow\" style=\"width: 23%;\">\n\t\t\t\t\t\t<div class=\"apartamento-box\">\n\t\t\t\t\t\t\t<div class=\"imagen_recomendados\">\n\t\t\t\t\t\t\t\t<img decoding=\"async\" src=\"https:\/\/crs.avantio.com\/fotos\/2\/1571059761c8950cc92fd9eaa7df65c1e0bacaddb1\/big1699532873d7f5dc915dff3bac9e657a6cc258c328.jpg\" alt=\"Winter Courchevel \/\/ Chaleureux chalet de standing\">\n\t\t\t\t\t\t\t<\/div>\n\t\t\t\t\t\t\t<div class=\"info\">\n\t\t\t\t\t\t\t\t<div class=\"ubicacion\">\n\t\t\t\t\t\t\t\t\t<i class=\"fa-solid fa-location-dot icono-mapa\"><\/i><span class=\"ubicacion-texto\">Courchevel - Savoie<\/span>\n\t\t\t\t\t\t\t\t<\/div>\n\t\t\t\t\t\t\t\t<H4 class=\"titulo-alojamiento\">\n\t\t\t\t\t\t\t\t\tWinter Courchevel \/\/ Chaleureux chalet de standing\t\t\t\t\t\t\t\t<\/H4>\n\t\t\t\t\t\t\t\t<p class=\"precio-alojamiento\"><\/p>\n\t\t\t\t\t\t\t<\/div>\n\t\t\t\t\t\t<\/div>\n\t\t\t\t\t<\/a> \n\t\t\t\t\t\t\n\t\t\t\t\t<a href=\"https:\/\/www.locationlacannecy.fr\/location\/chalet-courchevel-winter-courchevel-le-wood-and-stone-ski-in-out-299836.html\" rel=\"nofollow\" style=\"width: 23%;\">\n\t\t\t\t\t\t<div class=\"apartamento-box\">\n\t\t\t\t\t\t\t<div class=\"imagen_recomendados\">\n\t\t\t\t\t\t\t\t<img decoding=\"async\" src=\"https:\/\/crs.avantio.com\/fotos\/2\/15713087015d1a3763b736aa4bf304b5be71259aec\/big1694609002631518b938ea92a8509a25f6d3918a1f.jpg\" alt=\"Winter Courchevel -- Le Wood and Stone SKI IN OUT\">\n\t\t\t\t\t\t\t<\/div>\n\t\t\t\t\t\t\t<div class=\"info\">\n\t\t\t\t\t\t\t\t<div class=\"ubicacion\">\n\t\t\t\t\t\t\t\t\t<i class=\"fa-solid fa-location-dot icono-mapa\"><\/i><span class=\"ubicacion-texto\">Courchevel - Savoie<\/span>\n\t\t\t\t\t\t\t\t<\/div>\n\t\t\t\t\t\t\t\t<H4 class=\"titulo-alojamiento\">\n\t\t\t\t\t\t\t\t\tWinter Courchevel -- Le Wood and Stone SKI IN OUT\t\t\t\t\t\t\t\t<\/H4>\n\t\t\t\t\t\t\t\t<p class=\"precio-alojamiento\">\u00c0 partir de <span class=\"precio\">15000.00\u20ac<\/span> par nuit<\/p>\n\t\t\t\t\t\t\t<\/div>\n\t\t\t\t\t\t<\/div>\n\t\t\t\t\t<\/a> \n\t\t\t\t\t\t\n\t\t\t\t\t<a href=\"https:\/\/www.locationlacannecy.fr\/location\/chalet-courchevel-winter-courchevel-chalet-coeur-village-skinout-299866.html\" rel=\"nofollow\" style=\"width: 23%;\">\n\t\t\t\t\t\t<div class=\"apartamento-box\">\n\t\t\t\t\t\t\t<div class=\"imagen_recomendados\">\n\t\t\t\t\t\t\t\t<img decoding=\"async\" src=\"https:\/\/crs.avantio.com\/fotos\/2\/1571317134c0231a258acda6840e2863ddb0256c78\/big15747039023156276e4c4a226b2f139a170148cce2.jpg\" alt=\"Winter Courchevel \/\/ Chalet coeur village SKINOUT\">\n\t\t\t\t\t\t\t<\/div>\n\t\t\t\t\t\t\t<div class=\"info\">\n\t\t\t\t\t\t\t\t<div class=\"ubicacion\">\n\t\t\t\t\t\t\t\t\t<i class=\"fa-solid fa-location-dot icono-mapa\"><\/i><span class=\"ubicacion-texto\">Courchevel - Savoie<\/span>\n\t\t\t\t\t\t\t\t<\/div>\n\t\t\t\t\t\t\t\t<H4 class=\"titulo-alojamiento\">\n\t\t\t\t\t\t\t\t\tWinter Courchevel \/\/ Chalet coeur village SKINOUT\t\t\t\t\t\t\t\t<\/H4>\n\t\t\t\t\t\t\t\t<p class=\"precio-alojamiento\"><\/p>\n\t\t\t\t\t\t\t<\/div>\n\t\t\t\t\t\t<\/div>\n\t\t\t\t\t<\/a> \n\t\t\t\t\t\t\n\t\t\t\t\t<a href=\"https:\/\/www.locationlacannecy.fr\/location\/chalet-courchevel-winter-courchevel-semi-chalet-grande-casse-4-457250.html\" rel=\"nofollow\" style=\"width: 23%;\">\n\t\t\t\t\t\t<div class=\"apartamento-box\">\n\t\t\t\t\t\t\t<div class=\"imagen_recomendados\">\n\t\t\t\t\t\t\t\t<img decoding=\"async\" src=\"https:\/\/crs.avantio.com\/fotos\/2\/1702301649f6ba13b2254a2e6e2dbf2efecaab44ff\/big17023016506c2faa3f0f7eb0f93d24f18eca2ffb31.jpg\" alt=\"Winter Courchevel -- Semi-Chalet Grande Casse, 4\u2605\">\n\t\t\t\t\t\t\t<\/div>\n\t\t\t\t\t\t\t<div class=\"info\">\n\t\t\t\t\t\t\t\t<div class=\"ubicacion\">\n\t\t\t\t\t\t\t\t\t<i class=\"fa-solid fa-location-dot icono-mapa\"><\/i><span class=\"ubicacion-texto\">Courchevel - Savoie<\/span>\n\t\t\t\t\t\t\t\t<\/div>\n\t\t\t\t\t\t\t\t<H4 class=\"titulo-alojamiento\">\n\t\t\t\t\t\t\t\t\tWinter Courchevel -- Semi-Chalet Grande Casse, 4\u2605\t\t\t\t\t\t\t\t<\/H4>\n\t\t\t\t\t\t\t\t<p class=\"precio-alojamiento\">\u00c0 partir de <span class=\"precio\">8000.00\u20ac<\/span> par nuit<\/p>\n\t\t\t\t\t\t\t<\/div>\n\t\t\t\t\t\t<\/div>\n\t\t\t\t\t<\/a> \n\t\t\t\t\t\t\t\t<\/div>\n\t\t\t<\/div>\n\t\t\t\t\t\t<\/div>\n\t\t\t\t<\/div>\n\t\t\t\t<div class=\"elementor-element elementor-element-30af27a elementor-align-right elementor-mobile-align-center elementor-widget elementor-widget-button\" data-id=\"30af27a\" data-element_type=\"widget\" data-e-type=\"widget\" data-widget_type=\"button.default\">\n\t\t\t\t<div class=\"elementor-widget-container\">\n\t\t\t\t\t\t\t\t\t<div class=\"elementor-button-wrapper\">\n\t\t\t\t\t<a class=\"elementor-button elementor-button-link elementor-size-sm\" href=\"https:\/\/www.locationlacannecy.fr\/location\/chalets-courchevel-c20d391206\/tag-biens-de-luxe-5-\/\">\n\t\t\t\t\t\t<span class=\"elementor-button-content-wrapper\">\n\t\t\t\t\t\t\t\t\t<span class=\"elementor-button-text\">Cliquez ici<\/span>\n\t\t\t\t\t<\/span>\n\t\t\t\t\t<\/a>\n\t\t\t\t<\/div>\n\t\t\t\t\t\t\t\t<\/div>\n\t\t\t\t<\/div>\n\t\t\t\t\t<\/div>\n\t\t\t\t<\/div>\n\t\t<div class=\"elementor-element elementor-element-40932f7 e-flex e-con-boxed e-con e-parent\" data-id=\"40932f7\" data-element_type=\"container\" data-e-type=\"container\">\n\t\t\t\t\t<div class=\"e-con-inner\">\n\t\t\t\t<div class=\"elementor-element elementor-element-f5613f3 elementor-widget elementor-widget-heading\" data-id=\"f5613f3\" data-element_type=\"widget\" data-e-type=\"widget\" data-widget_type=\"heading.default\">\n\t\t\t\t<div class=\"elementor-widget-container\">\n\t\t\t\t\t<h2 class=\"elementor-heading-title elementor-size-default\">Chalets \u00e0 Courchevel au pied des pistes<\/h2>\t\t\t\t<\/div>\n\t\t\t\t<\/div>\n\t\t\t\t<div class=\"elementor-element elementor-element-eb602d5 elementor-widget elementor-widget-grid\" data-id=\"eb602d5\" data-element_type=\"widget\" data-e-type=\"widget\" data-widget_type=\"grid.default\">\n\t\t\t\t<div class=\"elementor-widget-container\">\n\t\t\t\t\t\t\t<div class=\"its--row alojamientos-recomendados\">\n\n\t\t\t<div class=\"alojamientos-recomendados-container\">\n\n\t\t\t\t\t\n\t\t\t\t\t<a href=\"https:\/\/www.locationlacannecy.fr\/location\/chalet-courchevel-winter-courchevel-chaleureux-chalet-de-standing-299550.html\" rel=\"nofollow\" style=\"width: 23%;\">\n\t\t\t\t\t\t<div class=\"apartamento-box\">\n\t\t\t\t\t\t\t<div class=\"imagen_recomendados\">\n\t\t\t\t\t\t\t\t<img decoding=\"async\" src=\"https:\/\/crs.avantio.com\/fotos\/2\/1571059761c8950cc92fd9eaa7df65c1e0bacaddb1\/big1699532873d7f5dc915dff3bac9e657a6cc258c328.jpg\" alt=\"Winter Courchevel \/\/ Chaleureux chalet de standing\">\n\t\t\t\t\t\t\t<\/div>\n\t\t\t\t\t\t\t<div class=\"info\">\n\t\t\t\t\t\t\t\t<div class=\"ubicacion\">\n\t\t\t\t\t\t\t\t\t<i class=\"fa-solid fa-location-dot icono-mapa\"><\/i><span class=\"ubicacion-texto\">Courchevel - Savoie<\/span>\n\t\t\t\t\t\t\t\t<\/div>\n\t\t\t\t\t\t\t\t<H4 class=\"titulo-alojamiento\">\n\t\t\t\t\t\t\t\t\tWinter Courchevel \/\/ Chaleureux chalet de standing\t\t\t\t\t\t\t\t<\/H4>\n\t\t\t\t\t\t\t\t<p class=\"precio-alojamiento\"><\/p>\n\t\t\t\t\t\t\t<\/div>\n\t\t\t\t\t\t<\/div>\n\t\t\t\t\t<\/a> \n\t\t\t\t\t\t\n\t\t\t\t\t<a href=\"https:\/\/www.locationlacannecy.fr\/location\/chalet-courchevel-winter-courchevel-le-wood-and-stone-ski-in-out-299836.html\" rel=\"nofollow\" style=\"width: 23%;\">\n\t\t\t\t\t\t<div class=\"apartamento-box\">\n\t\t\t\t\t\t\t<div class=\"imagen_recomendados\">\n\t\t\t\t\t\t\t\t<img decoding=\"async\" src=\"https:\/\/crs.avantio.com\/fotos\/2\/15713087015d1a3763b736aa4bf304b5be71259aec\/big1694609002631518b938ea92a8509a25f6d3918a1f.jpg\" alt=\"Winter Courchevel -- Le Wood and Stone SKI IN OUT\">\n\t\t\t\t\t\t\t<\/div>\n\t\t\t\t\t\t\t<div class=\"info\">\n\t\t\t\t\t\t\t\t<div class=\"ubicacion\">\n\t\t\t\t\t\t\t\t\t<i class=\"fa-solid fa-location-dot icono-mapa\"><\/i><span class=\"ubicacion-texto\">Courchevel - Savoie<\/span>\n\t\t\t\t\t\t\t\t<\/div>\n\t\t\t\t\t\t\t\t<H4 class=\"titulo-alojamiento\">\n\t\t\t\t\t\t\t\t\tWinter Courchevel -- Le Wood and Stone SKI IN OUT\t\t\t\t\t\t\t\t<\/H4>\n\t\t\t\t\t\t\t\t<p class=\"precio-alojamiento\">\u00c0 partir de <span class=\"precio\">15000.00\u20ac<\/span> par nuit<\/p>\n\t\t\t\t\t\t\t<\/div>\n\t\t\t\t\t\t<\/div>\n\t\t\t\t\t<\/a> \n\t\t\t\t\t\t\n\t\t\t\t\t<a href=\"https:\/\/www.locationlacannecy.fr\/location\/chalet-courchevel-winter-courchevel-chalet-coeur-village-skinout-299866.html\" rel=\"nofollow\" style=\"width: 23%;\">\n\t\t\t\t\t\t<div class=\"apartamento-box\">\n\t\t\t\t\t\t\t<div class=\"imagen_recomendados\">\n\t\t\t\t\t\t\t\t<img decoding=\"async\" src=\"https:\/\/crs.avantio.com\/fotos\/2\/1571317134c0231a258acda6840e2863ddb0256c78\/big15747039023156276e4c4a226b2f139a170148cce2.jpg\" alt=\"Winter Courchevel \/\/ Chalet coeur village SKINOUT\">\n\t\t\t\t\t\t\t<\/div>\n\t\t\t\t\t\t\t<div class=\"info\">\n\t\t\t\t\t\t\t\t<div class=\"ubicacion\">\n\t\t\t\t\t\t\t\t\t<i class=\"fa-solid fa-location-dot icono-mapa\"><\/i><span class=\"ubicacion-texto\">Courchevel - Savoie<\/span>\n\t\t\t\t\t\t\t\t<\/div>\n\t\t\t\t\t\t\t\t<H4 class=\"titulo-alojamiento\">\n\t\t\t\t\t\t\t\t\tWinter Courchevel \/\/ Chalet coeur village SKINOUT\t\t\t\t\t\t\t\t<\/H4>\n\t\t\t\t\t\t\t\t<p class=\"precio-alojamiento\"><\/p>\n\t\t\t\t\t\t\t<\/div>\n\t\t\t\t\t\t<\/div>\n\t\t\t\t\t<\/a> \n\t\t\t\t\t\t\n\t\t\t\t\t<a href=\"https:\/\/www.locationlacannecy.fr\/location\/chalet-courchevel-winter-courchevel-semi-chalet-grande-casse-4-457250.html\" rel=\"nofollow\" style=\"width: 23%;\">\n\t\t\t\t\t\t<div class=\"apartamento-box\">\n\t\t\t\t\t\t\t<div class=\"imagen_recomendados\">\n\t\t\t\t\t\t\t\t<img decoding=\"async\" src=\"https:\/\/crs.avantio.com\/fotos\/2\/1702301649f6ba13b2254a2e6e2dbf2efecaab44ff\/big17023016506c2faa3f0f7eb0f93d24f18eca2ffb31.jpg\" alt=\"Winter Courchevel -- Semi-Chalet Grande Casse, 4\u2605\">\n\t\t\t\t\t\t\t<\/div>\n\t\t\t\t\t\t\t<div class=\"info\">\n\t\t\t\t\t\t\t\t<div class=\"ubicacion\">\n\t\t\t\t\t\t\t\t\t<i class=\"fa-solid fa-location-dot icono-mapa\"><\/i><span class=\"ubicacion-texto\">Courchevel - Savoie<\/span>\n\t\t\t\t\t\t\t\t<\/div>\n\t\t\t\t\t\t\t\t<H4 class=\"titulo-alojamiento\">\n\t\t\t\t\t\t\t\t\tWinter Courchevel -- Semi-Chalet Grande Casse, 4\u2605\t\t\t\t\t\t\t\t<\/H4>\n\t\t\t\t\t\t\t\t<p class=\"precio-alojamiento\">\u00c0 partir de <span class=\"precio\">8000.00\u20ac<\/span> par nuit<\/p>\n\t\t\t\t\t\t\t<\/div>\n\t\t\t\t\t\t<\/div>\n\t\t\t\t\t<\/a> \n\t\t\t\t\t\t\t\t<\/div>\n\t\t\t<\/div>\n\t\t\t\t\t\t<\/div>\n\t\t\t\t<\/div>\n\t\t\t\t<div class=\"elementor-element elementor-element-8ef7bc2 elementor-align-right elementor-mobile-align-center elementor-widget elementor-widget-button\" data-id=\"8ef7bc2\" data-element_type=\"widget\" data-e-type=\"widget\" data-widget_type=\"button.default\">\n\t\t\t\t<div class=\"elementor-widget-container\">\n\t\t\t\t\t\t\t\t\t<div class=\"elementor-button-wrapper\">\n\t\t\t\t\t<a class=\"elementor-button elementor-button-link elementor-size-sm\" href=\"https:\/\/www.locationlacannecy.fr\/location\/chalets-courchevel-c20d391206\/tag-aux-pieds-des-pistes-de-ski\/\">\n\t\t\t\t\t\t<span class=\"elementor-button-content-wrapper\">\n\t\t\t\t\t\t\t\t\t<span class=\"elementor-button-text\">Cliquez ici<\/span>\n\t\t\t\t\t<\/span>\n\t\t\t\t\t<\/a>\n\t\t\t\t<\/div>\n\t\t\t\t\t\t\t\t<\/div>\n\t\t\t\t<\/div>\n\t\t\t\t\t<\/div>\n\t\t\t\t<\/div>\n\t\t<div class=\"elementor-element elementor-element-bfa39fa e-flex e-con-boxed e-con e-parent\" data-id=\"bfa39fa\" data-element_type=\"container\" data-e-type=\"container\" data-settings=\"{&quot;background_background&quot;:&quot;classic&quot;}\">\n\t\t\t\t\t<div class=\"e-con-inner\">\n\t\t\t\t<div class=\"elementor-element elementor-element-9365512 elementor-widget elementor-widget-heading\" data-id=\"9365512\" data-element_type=\"widget\" data-e-type=\"widget\" data-widget_type=\"heading.default\">\n\t\t\t\t<div class=\"elementor-widget-container\">\n\t\t\t\t\t<h2 class=\"elementor-heading-title elementor-size-default\">Partez \u00e0 la d\u00e9couverte de Courchevel<\/h2>\t\t\t\t<\/div>\n\t\t\t\t<\/div>\n\t\t\t\t<div class=\"elementor-element elementor-element-fbb5e40 elementor-widget-divider--view-line elementor-widget elementor-widget-divider\" data-id=\"fbb5e40\" data-element_type=\"widget\" data-e-type=\"widget\" data-widget_type=\"divider.default\">\n\t\t\t\t<div class=\"elementor-widget-container\">\n\t\t\t\t\t\t\t<div class=\"elementor-divider\">\n\t\t\t<span class=\"elementor-divider-separator\">\n\t\t\t\t\t\t<\/span>\n\t\t<\/div>\n\t\t\t\t\t\t<\/div>\n\t\t\t\t<\/div>\n\t\t\t\t\t<\/div>\n\t\t\t\t<\/div>\n\t\t<div class=\"elementor-element elementor-element-619c04f e-flex e-con-boxed e-con e-parent\" data-id=\"619c04f\" data-element_type=\"container\" data-e-type=\"container\" data-settings=\"{&quot;background_background&quot;:&quot;classic&quot;}\">\n\t\t\t\t\t<div class=\"e-con-inner\">\n\t\t<div class=\"elementor-element elementor-element-91900f2 e-con-full e-flex e-con e-child\" data-id=\"91900f2\" data-element_type=\"container\" data-e-type=\"container\">\n\t\t\t\t<div class=\"elementor-element elementor-element-8218cf1 elementor-widget__width-initial elementor-widget elementor-widget-heading\" data-id=\"8218cf1\" data-element_type=\"widget\" data-e-type=\"widget\" data-widget_type=\"heading.default\">\n\t\t\t\t<div class=\"elementor-widget-container\">\n\t\t\t\t\t<h3 class=\"elementor-heading-title elementor-size-default\">Pourquoi Courchevel vaut-elle le d\u00e9tour ?<\/h3>\t\t\t\t<\/div>\n\t\t\t\t<\/div>\n\t\t\t\t<\/div>\n\t\t<div class=\"elementor-element elementor-element-4422215 e-con-full e-flex e-con e-child\" data-id=\"4422215\" data-element_type=\"container\" data-e-type=\"container\">\n\t\t\t\t<div class=\"elementor-element elementor-element-70ce7f5 elementor-widget elementor-widget-text-editor\" data-id=\"70ce7f5\" data-element_type=\"widget\" data-e-type=\"widget\" data-widget_type=\"text-editor.default\">\n\t\t\t\t<div class=\"elementor-widget-container\">\n\t\t\t\t\t\t\t\t\t<p>Station embl\u00e9matique des Alpes fran\u00e7aises, Courchevel fait partie du domaine des <strong>3 Vall\u00e9es,<\/strong> l\u2019un des plus grands domaines skiables du monde, avec 600 km de pistes. C&#8217;est une destination qui attire les familles gr\u00e2ce \u00e0 ses infrastructures modernes, ses \u00e9coles de ski r\u00e9put\u00e9es et ses nombreuses activit\u00e9s hors ski.<\/p><p>Entre paysages enneig\u00e9s spectaculaires et ambiance chaleureuse de village alpin, Courchevel combine authenticit\u00e9 et excellence.<\/p>\t\t\t\t\t\t\t\t<\/div>\n\t\t\t\t<\/div>\n\t\t\t\t<\/div>\n\t\t\t\t\t<\/div>\n\t\t\t\t<\/div>\n\t\t<div class=\"elementor-element elementor-element-5379eca e-flex e-con-boxed e-con e-parent\" data-id=\"5379eca\" data-element_type=\"container\" data-e-type=\"container\" data-settings=\"{&quot;background_background&quot;:&quot;classic&quot;}\">\n\t\t\t\t\t<div class=\"e-con-inner\">\n\t\t<div class=\"elementor-element elementor-element-021de6a e-con-full e-flex e-con e-child\" data-id=\"021de6a\" data-element_type=\"container\" data-e-type=\"container\">\n\t\t\t\t<div class=\"elementor-element elementor-element-d188a5b elementor-widget elementor-widget-heading\" data-id=\"d188a5b\" data-element_type=\"widget\" data-e-type=\"widget\" data-widget_type=\"heading.default\">\n\t\t\t\t<div class=\"elementor-widget-container\">\n\t\t\t\t\t<h3 class=\"elementor-heading-title elementor-size-default\">Meilleure p\u00e9riode pour visiter Courchevel<\/h3>\t\t\t\t<\/div>\n\t\t\t\t<\/div>\n\t\t\t\t<\/div>\n\t\t<div class=\"elementor-element elementor-element-1324827 e-con-full e-flex e-con e-child\" data-id=\"1324827\" data-element_type=\"container\" data-e-type=\"container\">\n\t\t\t\t<div class=\"elementor-element elementor-element-fe34847 elementor-widget elementor-widget-text-editor\" data-id=\"fe34847\" data-element_type=\"widget\" data-e-type=\"widget\" data-widget_type=\"text-editor.default\">\n\t\t\t\t<div class=\"elementor-widget-container\">\n\t\t\t\t\t\t\t\t\t<p>Tout d\u00e9pend de l&#8217;exp\u00e9rience recherch\u00e9e mais voici quelques conseils :<\/p><ul><li><strong>D\u00e9cembre \u00e0 mars :<\/strong> L\u2019hiver est la saison phare \u00e0 Courchevel car la station offre un enneigement exceptionnel et un acc\u00e8s privil\u00e9gi\u00e9 au domaine des 3 Vall\u00e9es. Profitez d&#8217;un moment cocooning dans nos chalets au coin du feu.<\/li><li><strong>Juillet \u00e0 ao\u00fbt :<\/strong> Pour la fra\u00eecheur et le grand air. Courchevel se transforme en destination estivale id\u00e9ale pour les familles en qu\u00eate d&#8217;activit\u00e9s.<\/li><\/ul>\t\t\t\t\t\t\t\t<\/div>\n\t\t\t\t<\/div>\n\t\t\t\t<div class=\"elementor-element elementor-element-51af5f2 elementor-widget elementor-widget-text-editor\" data-id=\"51af5f2\" data-element_type=\"widget\" data-e-type=\"widget\" data-widget_type=\"text-editor.default\">\n\t\t\t\t<div class=\"elementor-widget-container\">\n\t\t\t\t\t\t\t\t\t<p>Pour b\u00e9n\u00e9ficier du meilleur choix parmi nos propri\u00e9t\u00e9s d&#8217;exception, nous vous recommandons d&#8217;anticiper la r\u00e9servation de votre <strong>chalet \u00e0 Courchevel<\/strong>. Contactez directement notre \u00e9quipe locale : nous saurons vous guider vers la perle rare pour un s\u00e9jour sur mesure.<\/p>\t\t\t\t\t\t\t\t<\/div>\n\t\t\t\t<\/div>\n\t\t\t\t<\/div>\n\t\t\t\t\t<\/div>\n\t\t\t\t<\/div>\n\t\t<div class=\"elementor-element elementor-element-ee34dea e-flex e-con-boxed e-con e-parent\" data-id=\"ee34dea\" data-element_type=\"container\" data-e-type=\"container\" data-settings=\"{&quot;background_background&quot;:&quot;classic&quot;}\">\n\t\t\t\t\t<div class=\"e-con-inner\">\n\t\t<div class=\"elementor-element elementor-element-cef26b8 e-con-full e-flex e-con e-child\" data-id=\"cef26b8\" data-element_type=\"container\" data-e-type=\"container\">\n\t\t\t\t<div class=\"elementor-element elementor-element-efb2401 elementor-widget elementor-widget-heading\" data-id=\"efb2401\" data-element_type=\"widget\" data-e-type=\"widget\" data-widget_type=\"heading.default\">\n\t\t\t\t<div class=\"elementor-widget-container\">\n\t\t\t\t\t<h3 class=\"elementor-heading-title elementor-size-default\">Conseils &amp; recommandations pour votre s\u00e9jour \u00e0 Courchevel<\/h3>\t\t\t\t<\/div>\n\t\t\t\t<\/div>\n\t\t\t\t<\/div>\n\t\t<div class=\"elementor-element elementor-element-39da4bc e-con-full e-flex e-con e-child\" data-id=\"39da4bc\" data-element_type=\"container\" data-e-type=\"container\">\n\t\t\t\t<div class=\"elementor-element elementor-element-fbb57b9 elementor-widget elementor-widget-text-editor\" data-id=\"fbb57b9\" data-element_type=\"widget\" data-e-type=\"widget\" data-widget_type=\"text-editor.default\">\n\t\t\t\t<div class=\"elementor-widget-container\">\n\t\t\t\t\t\t\t\t\t<ul><li>R\u00e9servez votre chalet \u00e0 Courchevel plusieurs mois \u00e0 l\u2019avance pour les p\u00e9riodes de No\u00ebl, f\u00e9vrier et Nouvel An.<\/li><li>Choisissez le village adapt\u00e9 \u00e0 votre famille (1850, 1650, 1550 ou Le Praz) selon vos priorit\u00e9s : proximit\u00e9 des pistes, ambiance, tranquillit\u00e9.<\/li><li>R\u00e9servez les cours de ski d\u00e8s la confirmation de votre s\u00e9jour, surtout pendant les vacances scolaires.<\/li><li>Pensez \u00e0 louer votre mat\u00e9riel de ski pr\u00e8s de votre h\u00e9bergement pour \u00e9viter les d\u00e9placements inutiles.<\/li><li>Profitez des activit\u00e9s hors ski : raquettes, luge, patinoire, spa ou centre aquatique.<\/li><li>Testez la gastronomie savoyarde dans un restaurant d\u2019altitude ou dans un \u00e9tablissement gastronomique.<\/li><li>En \u00e9t\u00e9, explorez les sentiers familiaux et activit\u00e9s nature pour d\u00e9couvrir une autre facette de Courchevel.<\/li><\/ul>\t\t\t\t\t\t\t\t<\/div>\n\t\t\t\t<\/div>\n\t\t\t\t<div class=\"elementor-element elementor-element-16bd814 elementor-widget elementor-widget-text-editor\" data-id=\"16bd814\" data-element_type=\"widget\" data-e-type=\"widget\" data-widget_type=\"text-editor.default\">\n\t\t\t\t<div class=\"elementor-widget-container\">\n\t\t\t\t\t\t\t\t\t<p><strong>Bon \u00e0 savoir :<\/strong> Une fois sur place, la station propose un excellent r\u00e9seau de navettes gratuites reliant tous les niveaux (1300 \u00e0 1850).<\/p>\t\t\t\t\t\t\t\t<\/div>\n\t\t\t\t<\/div>\n\t\t\t\t<\/div>\n\t\t\t\t\t<\/div>\n\t\t\t\t<\/div>\n\t\t<div class=\"elementor-element elementor-element-efae735 e-flex e-con-boxed e-con e-parent\" data-id=\"efae735\" data-element_type=\"container\" data-e-type=\"container\" data-settings=\"{&quot;background_background&quot;:&quot;classic&quot;}\">\n\t\t\t\t\t<div class=\"e-con-inner\">\n\t\t\t\t<div class=\"elementor-element elementor-element-31173ee elementor-widget elementor-widget-heading\" data-id=\"31173ee\" data-element_type=\"widget\" data-e-type=\"widget\" data-widget_type=\"heading.default\">\n\t\t\t\t<div class=\"elementor-widget-container\">\n\t\t\t\t\t<h2 class=\"elementor-heading-title elementor-size-default\">Explorez Courchevel avec LLA Selections<\/h2>\t\t\t\t<\/div>\n\t\t\t\t<\/div>\n\t\t\t\t<div class=\"elementor-element elementor-element-758fc18 elementor-widget elementor-widget-text-editor\" data-id=\"758fc18\" data-element_type=\"widget\" data-e-type=\"widget\" data-widget_type=\"text-editor.default\">\n\t\t\t\t<div class=\"elementor-widget-container\">\n\t\t\t\t\t\t\t\t\t<p>Retrouvez notre guide d\u00e9di\u00e9 \u00e0 Courchevel pour vous aider \u00e0 organiser vos prochaines vacances en montagne.<\/p>\t\t\t\t\t\t\t\t<\/div>\n\t\t\t\t<\/div>\n\t\t\t\t<div class=\"elementor-element elementor-element-689c7c4 elementor-align-center elementor-widget elementor-widget-button\" data-id=\"689c7c4\" data-element_type=\"widget\" data-e-type=\"widget\" data-widget_type=\"button.default\">\n\t\t\t\t<div class=\"elementor-widget-container\">\n\t\t\t\t\t\t\t\t\t<div class=\"elementor-button-wrapper\">\n\t\t\t\t\t<a class=\"elementor-button elementor-button-link elementor-size-sm\" href=\"https:\/\/www.locationlacannecy.fr\/blog\/sejour-courchevel\/\">\n\t\t\t\t\t\t<span class=\"elementor-button-content-wrapper\">\n\t\t\t\t\t\t\t\t\t<span class=\"elementor-button-text\">Courchevel<\/span>\n\t\t\t\t\t<\/span>\n\t\t\t\t\t<\/a>\n\t\t\t\t<\/div>\n\t\t\t\t\t\t\t\t<\/div>\n\t\t\t\t<\/div>\n\t\t\t\t\t<\/div>\n\t\t\t\t<\/div>\n\t\t<div class=\"elementor-element elementor-element-f6d7673 e-flex e-con-boxed e-con e-parent\" data-id=\"f6d7673\" data-element_type=\"container\" data-e-type=\"container\">\n\t\t\t\t\t<div class=\"e-con-inner\">\n\t\t\t\t<div class=\"elementor-element elementor-element-f3db0ba elementor-widget elementor-widget-heading\" data-id=\"f3db0ba\" data-element_type=\"widget\" data-e-type=\"widget\" data-widget_type=\"heading.default\">\n\t\t\t\t<div class=\"elementor-widget-container\">\n\t\t\t\t\t<h2 class=\"elementor-heading-title elementor-size-default\">FAQ : louer un chalet \u00e0 Courchevel<\/h2>\t\t\t\t<\/div>\n\t\t\t\t<\/div>\n\t\t\t\t<div class=\"elementor-element elementor-element-0041055 elementor-widget-divider--view-line elementor-widget elementor-widget-divider\" data-id=\"0041055\" data-element_type=\"widget\" data-e-type=\"widget\" data-widget_type=\"divider.default\">\n\t\t\t\t<div class=\"elementor-widget-container\">\n\t\t\t\t\t\t\t<div class=\"elementor-divider\">\n\t\t\t<span class=\"elementor-divider-separator\">\n\t\t\t\t\t\t<\/span>\n\t\t<\/div>\n\t\t\t\t\t\t<\/div>\n\t\t\t\t<\/div>\n\t\t\t\t\t<\/div>\n\t\t\t\t<\/div>\n\t\t<div class=\"elementor-element elementor-element-8c949c9 e-flex e-con-boxed e-con e-parent\" data-id=\"8c949c9\" data-element_type=\"container\" data-e-type=\"container\">\n\t\t\t\t\t<div class=\"e-con-inner\">\n\t\t\t\t<div class=\"elementor-element elementor-element-0b3b0ee elementor-widget__width-inherit elementor-widget elementor-widget-toggle\" data-id=\"0b3b0ee\" data-element_type=\"widget\" data-e-type=\"widget\" data-widget_type=\"toggle.default\">\n\t\t\t\t<div class=\"elementor-widget-container\">\n\t\t\t\t\t\t\t<div class=\"elementor-toggle\">\n\t\t\t\t\t\t\t<div class=\"elementor-toggle-item\">\n\t\t\t\t\t<h3 id=\"elementor-tab-title-1171\" class=\"elementor-tab-title\" data-tab=\"1\" role=\"button\" aria-controls=\"elementor-tab-content-1171\" aria-expanded=\"false\">\n\t\t\t\t\t\t\t\t\t\t\t\t<span class=\"elementor-toggle-icon elementor-toggle-icon-right\" aria-hidden=\"true\">\n\t\t\t\t\t\t\t\t\t\t\t\t\t\t\t<span class=\"elementor-toggle-icon-closed\"><svg class=\"e-font-icon-svg e-fas-plus\" viewBox=\"0 0 448 512\" xmlns=\"http:\/\/www.w3.org\/2000\/svg\"><path d=\"M416 208H272V64c0-17.67-14.33-32-32-32h-32c-17.67 0-32 14.33-32 32v144H32c-17.67 0-32 14.33-32 32v32c0 17.67 14.33 32 32 32h144v144c0 17.67 14.33 32 32 32h32c17.67 0 32-14.33 32-32V304h144c17.67 0 32-14.33 32-32v-32c0-17.67-14.33-32-32-32z\"><\/path><\/svg><\/span>\n\t\t\t\t\t\t\t\t<span class=\"elementor-toggle-icon-opened\"><svg class=\"elementor-toggle-icon-opened e-font-icon-svg e-fas-minus\" viewBox=\"0 0 448 512\" xmlns=\"http:\/\/www.w3.org\/2000\/svg\"><path d=\"M416 208H32c-17.67 0-32 14.33-32 32v32c0 17.67 14.33 32 32 32h384c17.67 0 32-14.33 32-32v-32c0-17.67-14.33-32-32-32z\"><\/path><\/svg><\/span>\n\t\t\t\t\t\t\t\t\t\t\t\t\t<\/span>\n\t\t\t\t\t\t\t\t\t\t\t\t<a class=\"elementor-toggle-title\" tabindex=\"0\">Comment acc\u00e9der facilement \u00e0 Courchevel ?<\/a>\n\t\t\t\t\t<\/h3>\n\n\t\t\t\t\t<div id=\"elementor-tab-content-1171\" class=\"elementor-tab-content elementor-clearfix\" data-tab=\"1\" role=\"region\" aria-labelledby=\"elementor-tab-title-1171\"><p>La station est accessible via les a\u00e9roports de Gen\u00e8ve (GVA) ou Lyon (LYS), situ\u00e9s \u00e0 environ 2h15 de route. Cette destination est \u00e9galement accessible en voiture ou en train via la gare de Mo\u00fbtiers (avec transferts en navette ou taxi).<\/p><\/div>\n\t\t\t\t<\/div>\n\t\t\t\t\t\t\t<div class=\"elementor-toggle-item\">\n\t\t\t\t\t<h3 id=\"elementor-tab-title-1172\" class=\"elementor-tab-title\" data-tab=\"2\" role=\"button\" aria-controls=\"elementor-tab-content-1172\" aria-expanded=\"false\">\n\t\t\t\t\t\t\t\t\t\t\t\t<span class=\"elementor-toggle-icon elementor-toggle-icon-right\" aria-hidden=\"true\">\n\t\t\t\t\t\t\t\t\t\t\t\t\t\t\t<span class=\"elementor-toggle-icon-closed\"><svg class=\"e-font-icon-svg e-fas-plus\" viewBox=\"0 0 448 512\" xmlns=\"http:\/\/www.w3.org\/2000\/svg\"><path d=\"M416 208H272V64c0-17.67-14.33-32-32-32h-32c-17.67 0-32 14.33-32 32v144H32c-17.67 0-32 14.33-32 32v32c0 17.67 14.33 32 32 32h144v144c0 17.67 14.33 32 32 32h32c17.67 0 32-14.33 32-32V304h144c17.67 0 32-14.33 32-32v-32c0-17.67-14.33-32-32-32z\"><\/path><\/svg><\/span>\n\t\t\t\t\t\t\t\t<span class=\"elementor-toggle-icon-opened\"><svg class=\"elementor-toggle-icon-opened e-font-icon-svg e-fas-minus\" viewBox=\"0 0 448 512\" xmlns=\"http:\/\/www.w3.org\/2000\/svg\"><path d=\"M416 208H32c-17.67 0-32 14.33-32 32v32c0 17.67 14.33 32 32 32h384c17.67 0 32-14.33 32-32v-32c0-17.67-14.33-32-32-32z\"><\/path><\/svg><\/span>\n\t\t\t\t\t\t\t\t\t\t\t\t\t<\/span>\n\t\t\t\t\t\t\t\t\t\t\t\t<a class=\"elementor-toggle-title\" tabindex=\"0\">Les chalets sont-ils situ\u00e9s au pied des pistes ?<\/a>\n\t\t\t\t\t<\/h3>\n\n\t\t\t\t\t<div id=\"elementor-tab-content-1172\" class=\"elementor-tab-content elementor-clearfix\" data-tab=\"2\" role=\"region\" aria-labelledby=\"elementor-tab-title-1172\"><p>Nous disposons de plusieurs chalets \u00e0 Courchevel \u00e0 seulement quelques minutes \u00e0 pied des remont\u00e9es m\u00e9caniques.<\/p><\/div>\n\t\t\t\t<\/div>\n\t\t\t\t\t\t\t<div class=\"elementor-toggle-item\">\n\t\t\t\t\t<h3 id=\"elementor-tab-title-1173\" class=\"elementor-tab-title\" data-tab=\"3\" role=\"button\" aria-controls=\"elementor-tab-content-1173\" aria-expanded=\"false\">\n\t\t\t\t\t\t\t\t\t\t\t\t<span class=\"elementor-toggle-icon elementor-toggle-icon-right\" aria-hidden=\"true\">\n\t\t\t\t\t\t\t\t\t\t\t\t\t\t\t<span class=\"elementor-toggle-icon-closed\"><svg class=\"e-font-icon-svg e-fas-plus\" viewBox=\"0 0 448 512\" xmlns=\"http:\/\/www.w3.org\/2000\/svg\"><path d=\"M416 208H272V64c0-17.67-14.33-32-32-32h-32c-17.67 0-32 14.33-32 32v144H32c-17.67 0-32 14.33-32 32v32c0 17.67 14.33 32 32 32h144v144c0 17.67 14.33 32 32 32h32c17.67 0 32-14.33 32-32V304h144c17.67 0 32-14.33 32-32v-32c0-17.67-14.33-32-32-32z\"><\/path><\/svg><\/span>\n\t\t\t\t\t\t\t\t<span class=\"elementor-toggle-icon-opened\"><svg class=\"elementor-toggle-icon-opened e-font-icon-svg e-fas-minus\" viewBox=\"0 0 448 512\" xmlns=\"http:\/\/www.w3.org\/2000\/svg\"><path d=\"M416 208H32c-17.67 0-32 14.33-32 32v32c0 17.67 14.33 32 32 32h384c17.67 0 32-14.33 32-32v-32c0-17.67-14.33-32-32-32z\"><\/path><\/svg><\/span>\n\t\t\t\t\t\t\t\t\t\t\t\t\t<\/span>\n\t\t\t\t\t\t\t\t\t\t\t\t<a class=\"elementor-toggle-title\" tabindex=\"0\">Que faire si on ne ski pas \u00e0 Courchevel ?<\/a>\n\t\t\t\t\t<\/h3>\n\n\t\t\t\t\t<div id=\"elementor-tab-content-1173\" class=\"elementor-tab-content elementor-clearfix\" data-tab=\"3\" role=\"region\" aria-labelledby=\"elementor-tab-title-1173\"><p>Profitez d&#8217;un moment de d\u00e9tente au centre Aquamotion (spas, piscines), faites du shoping dans les boutiques de luxe \u00e0 Courchevel 1850, testez des restaurants \u00e9toil\u00e9s et terrasses d&#8217;altitude, profitez d&#8217;une balade en chiens de tra\u00eeneau&#8230; Plus d&#8217;activit\u00e9s <a href=\"https:\/\/www.locationlacannecy.fr\/services-de-sophie\/\">ici<\/a>.<\/p><\/div>\n\t\t\t\t<\/div>\n\t\t\t\t\t\t\t<div class=\"elementor-toggle-item\">\n\t\t\t\t\t<h3 id=\"elementor-tab-title-1174\" class=\"elementor-tab-title\" data-tab=\"4\" role=\"button\" aria-controls=\"elementor-tab-content-1174\" aria-expanded=\"false\">\n\t\t\t\t\t\t\t\t\t\t\t\t<span class=\"elementor-toggle-icon elementor-toggle-icon-right\" aria-hidden=\"true\">\n\t\t\t\t\t\t\t\t\t\t\t\t\t\t\t<span class=\"elementor-toggle-icon-closed\"><svg class=\"e-font-icon-svg e-fas-plus\" viewBox=\"0 0 448 512\" xmlns=\"http:\/\/www.w3.org\/2000\/svg\"><path d=\"M416 208H272V64c0-17.67-14.33-32-32-32h-32c-17.67 0-32 14.33-32 32v144H32c-17.67 0-32 14.33-32 32v32c0 17.67 14.33 32 32 32h144v144c0 17.67 14.33 32 32 32h32c17.67 0 32-14.33 32-32V304h144c17.67 0 32-14.33 32-32v-32c0-17.67-14.33-32-32-32z\"><\/path><\/svg><\/span>\n\t\t\t\t\t\t\t\t<span class=\"elementor-toggle-icon-opened\"><svg class=\"elementor-toggle-icon-opened e-font-icon-svg e-fas-minus\" viewBox=\"0 0 448 512\" xmlns=\"http:\/\/www.w3.org\/2000\/svg\"><path d=\"M416 208H32c-17.67 0-32 14.33-32 32v32c0 17.67 14.33 32 32 32h384c17.67 0 32-14.33 32-32v-32c0-17.67-14.33-32-32-32z\"><\/path><\/svg><\/span>\n\t\t\t\t\t\t\t\t\t\t\t\t\t<\/span>\n\t\t\t\t\t\t\t\t\t\t\t\t<a class=\"elementor-toggle-title\" tabindex=\"0\">Courchevel est-elle une destination uniquement hivernale ?<\/a>\n\t\t\t\t\t<\/h3>\n\n\t\t\t\t\t<div id=\"elementor-tab-content-1174\" class=\"elementor-tab-content elementor-clearfix\" data-tab=\"4\" role=\"region\" aria-labelledby=\"elementor-tab-title-1174\"><p>Non. Si Courchevel est mondialement connue pour son domaine skiable, la station propose \u00e9galement une belle offre estivale : randonn\u00e9es familiales, VTT, golf, lac et activit\u00e9s outdoor adapt\u00e9es \u00e0 tous les \u00e2ges.<\/p><\/div>\n\t\t\t\t<\/div>\n\t\t\t\t\t\t\t\t\t\t<script type=\"application\/ld+json\">{\"@context\":\"https:\\\/\\\/schema.org\",\"@type\":\"FAQPage\",\"mainEntity\":[{\"@type\":\"Question\",\"name\":\"Comment acc\\u00e9der facilement \\u00e0 Courchevel ?\",\"acceptedAnswer\":{\"@type\":\"Answer\",\"text\":\"<p>La station est accessible via les a\\u00e9roports de Gen\\u00e8ve (GVA) ou Lyon (LYS), situ\\u00e9s \\u00e0 environ 2h15 de route. Cette destination est \\u00e9galement accessible en voiture ou en train via la gare de Mo\\u00fbtiers (avec transferts en navette ou taxi).<\\\/p>\"}},{\"@type\":\"Question\",\"name\":\"Les chalets sont-ils situ\\u00e9s au pied des pistes ?\",\"acceptedAnswer\":{\"@type\":\"Answer\",\"text\":\"<p>Nous disposons de plusieurs chalets \\u00e0 Courchevel \\u00e0 seulement quelques minutes \\u00e0 pied des remont\\u00e9es m\\u00e9caniques.<\\\/p>\"}},{\"@type\":\"Question\",\"name\":\"Que faire si on ne ski pas \\u00e0 Courchevel ?\",\"acceptedAnswer\":{\"@type\":\"Answer\",\"text\":\"<p>Profitez d&#8217;un moment de d\\u00e9tente au centre Aquamotion (spas, piscines), faites du shoping dans les boutiques de luxe \\u00e0 Courchevel 1850, testez des restaurants \\u00e9toil\\u00e9s et terrasses d&#8217;altitude, profitez d&#8217;une balade en chiens de tra\\u00eeneau&#8230; Plus d&#8217;activit\\u00e9s <a href=\\\"https:\\\/\\\/www.locationlacannecy.fr\\\/services-de-sophie\\\/\\\">ici<\\\/a>.<\\\/p>\"}},{\"@type\":\"Question\",\"name\":\"Courchevel est-elle une destination uniquement hivernale ?\",\"acceptedAnswer\":{\"@type\":\"Answer\",\"text\":\"<p>Non. Si Courchevel est mondialement connue pour son domaine skiable, la station propose \\u00e9galement une belle offre estivale : randonn\\u00e9es familiales, VTT, golf, lac et activit\\u00e9s outdoor adapt\\u00e9es \\u00e0 tous les \\u00e2ges.<\\\/p>\"}}]}<\/script>\n\t\t\t\t\t<\/div>\n\t\t\t\t\t\t<\/div>\n\t\t\t\t<\/div>\n\t\t\t\t\t<\/div>\n\t\t\t\t<\/div>\n\t\t<div class=\"elementor-element elementor-element-14b4be7 e-flex e-con-boxed e-con e-parent\" data-id=\"14b4be7\" data-element_type=\"container\" data-e-type=\"container\">\n\t\t\t\t\t<div class=\"e-con-inner\">\n\t\t\t\t<div class=\"elementor-element elementor-element-5b6c801 elementor-widget elementor-widget-shortcode\" data-id=\"5b6c801\" data-element_type=\"widget\" data-e-type=\"widget\" data-widget_type=\"shortcode.default\">\n\t\t\t\t<div class=\"elementor-widget-container\">\n\t\t\t\t\t\t\t<div class=\"elementor-shortcode\">\t\t<div data-elementor-type=\"container\" data-elementor-id=\"2857\" class=\"elementor elementor-2857 elementor-2927 elementor-2927\" data-elementor-post-type=\"elementor_library\">\n\t\t\t\t<div class=\"elementor-element elementor-element-4f3ff529 e-flex e-con-boxed e-con e-parent\" data-id=\"4f3ff529\" data-element_type=\"container\" data-e-type=\"container\">\n\t\t\t\t\t<div class=\"e-con-inner\">\n\t\t<div class=\"elementor-element elementor-element-325c3a1b e-con-full e-flex e-con e-child\" data-id=\"325c3a1b\" data-element_type=\"container\" data-e-type=\"container\">\n\t\t\t\t<div class=\"elementor-element elementor-element-3dda9b70 elementor-cta--skin-cover elementor-cta--valign-bottom elementor-animated-content elementor-bg-transform elementor-bg-transform-zoom-in elementor-widget elementor-widget-call-to-action\" data-id=\"3dda9b70\" data-element_type=\"widget\" data-e-type=\"widget\" data-widget_type=\"call-to-action.default\">\n\t\t\t\t<div class=\"elementor-widget-container\">\n\t\t\t\t\t\t\t<div class=\"elementor-cta\">\n\t\t\t\t\t<div class=\"elementor-cta__bg-wrapper\">\n\t\t\t\t<div class=\"elementor-cta__bg elementor-bg\" style=\"background-image: url(https:\/\/www.locationlacannecy.fr\/blog\/wp-content\/uploads\/2024\/07\/ALPES-MONTAGNE.jpg);\" role=\"img\" aria-label=\"alpes du nord tourisme\"><\/div>\n\t\t\t\t<div class=\"elementor-cta__bg-overlay\"><\/div>\n\t\t\t<\/div>\n\t\t\t\t\t\t\t<div class=\"elementor-cta__content\">\n\t\t\t\t\n\t\t\t\t\n\t\t\t\t\n\t\t\t\t\t\t\t\t\t<div class=\"elementor-cta__button-wrapper elementor-cta__content-item elementor-content-item elementor-animated-item--grow\">\n\t\t\t\t\t<a class=\"elementor-cta__button elementor-button elementor-size-\" href=\"https:\/\/www.locationlacannecy.fr\/location-vacances-alpes-nord\/\">\n\t\t\t\t\t\tLOCATIONS ALPES NORD\t\t\t\t\t<\/a>\n\t\t\t\t\t<\/div>\n\t\t\t\t\t\t\t<\/div>\n\t\t\t\t\t\t<\/div>\n\t\t\t\t\t\t<\/div>\n\t\t\t\t<\/div>\n\t\t\t\t<\/div>\n\t\t<div class=\"elementor-element elementor-element-553b246b e-con-full e-flex e-con e-child\" data-id=\"553b246b\" data-element_type=\"container\" data-e-type=\"container\">\n\t\t\t\t<div class=\"elementor-element elementor-element-401cadb7 elementor-cta--skin-cover elementor-cta--valign-bottom elementor-animated-content elementor-bg-transform elementor-bg-transform-zoom-in elementor-widget elementor-widget-call-to-action\" data-id=\"401cadb7\" data-element_type=\"widget\" data-e-type=\"widget\" data-widget_type=\"call-to-action.default\">\n\t\t\t\t<div class=\"elementor-widget-container\">\n\t\t\t\t\t\t\t<div class=\"elementor-cta\">\n\t\t\t\t\t<div class=\"elementor-cta__bg-wrapper\">\n\t\t\t\t<div class=\"elementor-cta__bg elementor-bg\" style=\"background-image: url(https:\/\/www.locationlacannecy.fr\/blog\/wp-content\/uploads\/2024\/12\/appartements-vacances-alpes-nord.webp);\" role=\"img\" aria-label=\"appartements vacances alpes nord\"><\/div>\n\t\t\t\t<div class=\"elementor-cta__bg-overlay\"><\/div>\n\t\t\t<\/div>\n\t\t\t\t\t\t\t<div class=\"elementor-cta__content\">\n\t\t\t\t\n\t\t\t\t\n\t\t\t\t\n\t\t\t\t\t\t\t\t\t<div class=\"elementor-cta__button-wrapper elementor-cta__content-item elementor-content-item elementor-animated-item--grow\">\n\t\t\t\t\t<a class=\"elementor-cta__button elementor-button elementor-size-\" href=\"https:\/\/www.locationlacannecy.fr\/location-appartement-ski-alpes-nord\/\">\n\t\t\t\t\t\tAPPARTEMENTS ALPES NORD\t\t\t\t\t<\/a>\n\t\t\t\t\t<\/div>\n\t\t\t\t\t\t\t<\/div>\n\t\t\t\t\t\t<\/div>\n\t\t\t\t\t\t<\/div>\n\t\t\t\t<\/div>\n\t\t\t\t<\/div>\n\t\t<div class=\"elementor-element elementor-element-53a83ac6 e-con-full e-flex e-con e-child\" data-id=\"53a83ac6\" data-element_type=\"container\" data-e-type=\"container\">\n\t\t\t\t<div class=\"elementor-element elementor-element-763d7b7f elementor-cta--skin-cover elementor-cta--valign-bottom elementor-animated-content elementor-bg-transform elementor-bg-transform-zoom-in elementor-widget elementor-widget-call-to-action\" data-id=\"763d7b7f\" data-element_type=\"widget\" data-e-type=\"widget\" data-widget_type=\"call-to-action.default\">\n\t\t\t\t<div class=\"elementor-widget-container\">\n\t\t\t\t\t\t\t<div class=\"elementor-cta\">\n\t\t\t\t\t<div class=\"elementor-cta__bg-wrapper\">\n\t\t\t\t<div class=\"elementor-cta__bg elementor-bg\" style=\"background-image: url(https:\/\/www.locationlacannecy.fr\/blog\/wp-content\/uploads\/2024\/12\/chalets-vacances-alpes-nord.webp);\" role=\"img\" aria-label=\"chalets vacances alpes nord\"><\/div>\n\t\t\t\t<div class=\"elementor-cta__bg-overlay\"><\/div>\n\t\t\t<\/div>\n\t\t\t\t\t\t\t<div class=\"elementor-cta__content\">\n\t\t\t\t\n\t\t\t\t\n\t\t\t\t\n\t\t\t\t\t\t\t\t\t<div class=\"elementor-cta__button-wrapper elementor-cta__content-item elementor-content-item elementor-animated-item--grow\">\n\t\t\t\t\t<a class=\"elementor-cta__button elementor-button elementor-size-\" href=\"https:\/\/www.locationlacannecy.fr\/location-chalet-10-personnes-alpes-pied-des-pistes\/\">\n\t\t\t\t\t\tCHALETS ALPES NORD\t\t\t\t\t<\/a>\n\t\t\t\t\t<\/div>\n\t\t\t\t\t\t\t<\/div>\n\t\t\t\t\t\t<\/div>\n\t\t\t\t\t\t<\/div>\n\t\t\t\t<\/div>\n\t\t\t\t<\/div>\n\t\t\t\t\t<\/div>\n\t\t\t\t<\/div>\n\t\t\t\t<\/div>\n\t\t\n<\/div>\n\t\t\t\t\t\t<\/div>\n\t\t\t\t<\/div>\n\t\t\t\t\t<\/div>\n\t\t\t\t<\/div>\n\t\t\t\t<\/div>\n\t\t","protected":false},"excerpt":{"rendered":"<p>Exp\u00e9rience inoubliable dans les Alpes Au pieds des pistes Collection luxe Piscine Jacuzzi\/Sauna Notre s\u00e9lection de chalets \u00e0 Courchevel Courchevel &#8211; Savoie Winter Courchevel \/\/ Chaleureux chalet de standing Courchevel &#8211; Savoie Winter Courchevel &#8212; Le Wood and Stone SKI IN OUT \u00c0 partir de 5286.00\u20ac par nuit Courchevel &#8211; Savoie Winter Courchevel \/\/ Chalet [&hellip;]<\/p>\n","protected":false},"author":5,"featured_media":8264,"parent":0,"menu_order":0,"comment_status":"closed","ping_status":"open","template":"","meta":{"footnotes":""},"class_list":["post-8261","page","type-page","status-publish","has-post-thumbnail","hentry"],"yoast_head":"<!-- This site is optimized with the Yoast SEO plugin v27.4 - https:\/\/yoast.com\/product\/yoast-seo-wordpress\/ -->\n<title>Chalets \u00e0 Courchevel : r\u00e9servez ici votre s\u00e9jour<\/title>\n<meta name=\"description\" content=\"R\u00e9servez votre chalet \u00e0 Courchevel pour des vacances familiales inoubliables. Confort, espace et prestations haut de gamme \u00e0 la montagne.\" \/>\n<meta name=\"robots\" content=\"index, follow, max-snippet:-1, max-image-preview:large, max-video-preview:-1\" \/>\n<link rel=\"canonical\" href=\"https:\/\/www.locationlacannecy.fr\/blog\/locations-chalets-courchevel\/\" \/>\n<meta property=\"og:locale\" content=\"fr_FR\" \/>\n<meta property=\"og:type\" content=\"article\" \/>\n<meta property=\"og:title\" content=\"Chalets \u00e0 Courchevel : r\u00e9servez ici votre s\u00e9jour\" \/>\n<meta property=\"og:description\" content=\"R\u00e9servez votre chalet \u00e0 Courchevel pour des vacances familiales inoubliables. Confort, espace et prestations haut de gamme \u00e0 la montagne.\" \/>\n<meta property=\"og:url\" content=\"https:\/\/www.locationlacannecy.fr\/blog\/locations-chalets-courchevel\/\" \/>\n<meta property=\"og:site_name\" content=\"Tourisme au Lac d&#039;Annecy et dans les Alpes du Nord\" \/>\n<meta property=\"article:publisher\" content=\"https:\/\/www.facebook.com\/locationlacannecy\" \/>\n<meta property=\"article:modified_time\" content=\"2026-03-26T11:58:22+00:00\" \/>\n<meta property=\"og:image\" content=\"https:\/\/www.locationlacannecy.fr\/blog\/wp-content\/uploads\/2026\/03\/chalet-courchevel-luxe.webp\" \/>\n\t<meta property=\"og:image:width\" content=\"1920\" \/>\n\t<meta property=\"og:image:height\" content=\"650\" \/>\n\t<meta property=\"og:image:type\" content=\"image\/webp\" \/>\n<meta name=\"twitter:card\" content=\"summary_large_image\" \/>\n<meta name=\"twitter:label1\" content=\"Est. reading time\" \/>\n\t<meta name=\"twitter:data1\" content=\"8 minutes\" \/>\n<script type=\"application\/ld+json\" class=\"yoast-schema-graph\">{\"@context\":\"https:\\\/\\\/schema.org\",\"@graph\":[{\"@type\":\"WebPage\",\"@id\":\"https:\\\/\\\/www.locationlacannecy.fr\\\/blog\\\/locations-chalets-courchevel\\\/\",\"url\":\"https:\\\/\\\/www.locationlacannecy.fr\\\/blog\\\/locations-chalets-courchevel\\\/\",\"name\":\"Chalets \u00e0 Courchevel : r\u00e9servez ici votre s\u00e9jour\",\"isPartOf\":{\"@id\":\"https:\\\/\\\/www.locationlacannecy.fr\\\/blog\\\/#website\"},\"primaryImageOfPage\":{\"@id\":\"https:\\\/\\\/www.locationlacannecy.fr\\\/blog\\\/locations-chalets-courchevel\\\/#primaryimage\"},\"image\":{\"@id\":\"https:\\\/\\\/www.locationlacannecy.fr\\\/blog\\\/locations-chalets-courchevel\\\/#primaryimage\"},\"thumbnailUrl\":\"https:\\\/\\\/www.locationlacannecy.fr\\\/blog\\\/wp-content\\\/uploads\\\/2026\\\/03\\\/chalet-courchevel-luxe.webp\",\"datePublished\":\"2026-03-06T12:02:05+00:00\",\"dateModified\":\"2026-03-26T11:58:22+00:00\",\"description\":\"R\u00e9servez votre chalet \u00e0 Courchevel pour des vacances familiales inoubliables. Confort, espace et prestations haut de gamme \u00e0 la montagne.\",\"breadcrumb\":{\"@id\":\"https:\\\/\\\/www.locationlacannecy.fr\\\/blog\\\/locations-chalets-courchevel\\\/#breadcrumb\"},\"inLanguage\":\"fr\",\"potentialAction\":[{\"@type\":\"ReadAction\",\"target\":[\"https:\\\/\\\/www.locationlacannecy.fr\\\/blog\\\/locations-chalets-courchevel\\\/\"]}]},{\"@type\":\"ImageObject\",\"inLanguage\":\"fr\",\"@id\":\"https:\\\/\\\/www.locationlacannecy.fr\\\/blog\\\/locations-chalets-courchevel\\\/#primaryimage\",\"url\":\"https:\\\/\\\/www.locationlacannecy.fr\\\/blog\\\/wp-content\\\/uploads\\\/2026\\\/03\\\/chalet-courchevel-luxe.webp\",\"contentUrl\":\"https:\\\/\\\/www.locationlacannecy.fr\\\/blog\\\/wp-content\\\/uploads\\\/2026\\\/03\\\/chalet-courchevel-luxe.webp\",\"width\":1920,\"height\":650,\"caption\":\"chalet courchevel luxe\"},{\"@type\":\"BreadcrumbList\",\"@id\":\"https:\\\/\\\/www.locationlacannecy.fr\\\/blog\\\/locations-chalets-courchevel\\\/#breadcrumb\",\"itemListElement\":[{\"@type\":\"ListItem\",\"position\":1,\"name\":\"Home\",\"item\":\"https:\\\/\\\/www.locationlacannecy.fr\\\/blog\\\/\"},{\"@type\":\"ListItem\",\"position\":2,\"name\":\"Nos locations de chalets \u00e0 Courchevel\"}]},{\"@type\":\"WebSite\",\"@id\":\"https:\\\/\\\/www.locationlacannecy.fr\\\/blog\\\/#website\",\"url\":\"https:\\\/\\\/www.locationlacannecy.fr\\\/blog\\\/\",\"name\":\"https:\\\/\\\/www.locationlacannecy.fr\\\/blog\\\/\",\"description\":\"by LLA Selections \\\/\\\/ Location Lac Annecy\",\"publisher\":{\"@id\":\"https:\\\/\\\/www.locationlacannecy.fr\\\/blog\\\/#organization\"},\"alternateName\":\"https:\\\/\\\/www.locationlacannecy.fr\",\"potentialAction\":[{\"@type\":\"SearchAction\",\"target\":{\"@type\":\"EntryPoint\",\"urlTemplate\":\"https:\\\/\\\/www.locationlacannecy.fr\\\/blog\\\/?s={search_term_string}\"},\"query-input\":{\"@type\":\"PropertyValueSpecification\",\"valueRequired\":true,\"valueName\":\"search_term_string\"}}],\"inLanguage\":\"fr\"},{\"@type\":\"Organization\",\"@id\":\"https:\\\/\\\/www.locationlacannecy.fr\\\/blog\\\/#organization\",\"name\":\"Blog de Location lac Annecy\",\"url\":\"https:\\\/\\\/www.locationlacannecy.fr\\\/blog\\\/\",\"logo\":{\"@type\":\"ImageObject\",\"inLanguage\":\"fr\",\"@id\":\"https:\\\/\\\/www.locationlacannecy.fr\\\/blog\\\/#\\\/schema\\\/logo\\\/image\\\/\",\"url\":\"https:\\\/\\\/www.locationlacannecy.fr\\\/blog\\\/wp-content\\\/uploads\\\/2023\\\/01\\\/LLA-Selections-Publication-Facebook.png\",\"contentUrl\":\"https:\\\/\\\/www.locationlacannecy.fr\\\/blog\\\/wp-content\\\/uploads\\\/2023\\\/01\\\/LLA-Selections-Publication-Facebook.png\",\"width\":940,\"height\":788,\"caption\":\"Blog de Location lac Annecy\"},\"image\":{\"@id\":\"https:\\\/\\\/www.locationlacannecy.fr\\\/blog\\\/#\\\/schema\\\/logo\\\/image\\\/\"},\"sameAs\":[\"https:\\\/\\\/www.facebook.com\\\/locationlacannecy\",\"https:\\\/\\\/www.instagram.com\\\/locationsaisonnierealpes\\\/\",\"https:\\\/\\\/www.linkedin.com\\\/company\\\/location-lac-annecy-lla\\\/\"]}]}<\/script>\n<!-- \/ Yoast SEO plugin. -->","yoast_head_json":{"title":"Chalets \u00e0 Courchevel : r\u00e9servez ici votre s\u00e9jour","description":"R\u00e9servez votre chalet \u00e0 Courchevel pour des vacances familiales inoubliables. Confort, espace et prestations haut de gamme \u00e0 la montagne.","robots":{"index":"index","follow":"follow","max-snippet":"max-snippet:-1","max-image-preview":"max-image-preview:large","max-video-preview":"max-video-preview:-1"},"canonical":"https:\/\/www.locationlacannecy.fr\/blog\/locations-chalets-courchevel\/","og_locale":"fr_FR","og_type":"article","og_title":"Chalets \u00e0 Courchevel : r\u00e9servez ici votre s\u00e9jour","og_description":"R\u00e9servez votre chalet \u00e0 Courchevel pour des vacances familiales inoubliables. Confort, espace et prestations haut de gamme \u00e0 la montagne.","og_url":"https:\/\/www.locationlacannecy.fr\/blog\/locations-chalets-courchevel\/","og_site_name":"Tourisme au Lac d&#039;Annecy et dans les Alpes du Nord","article_publisher":"https:\/\/www.facebook.com\/locationlacannecy","article_modified_time":"2026-03-26T11:58:22+00:00","og_image":[{"width":1920,"height":650,"url":"https:\/\/www.locationlacannecy.fr\/blog\/wp-content\/uploads\/2026\/03\/chalet-courchevel-luxe.webp","type":"image\/webp"}],"twitter_card":"summary_large_image","twitter_misc":{"Est. reading time":"8 minutes"},"schema":{"@context":"https:\/\/schema.org","@graph":[{"@type":"WebPage","@id":"https:\/\/www.locationlacannecy.fr\/blog\/locations-chalets-courchevel\/","url":"https:\/\/www.locationlacannecy.fr\/blog\/locations-chalets-courchevel\/","name":"Chalets \u00e0 Courchevel : r\u00e9servez ici votre s\u00e9jour","isPartOf":{"@id":"https:\/\/www.locationlacannecy.fr\/blog\/#website"},"primaryImageOfPage":{"@id":"https:\/\/www.locationlacannecy.fr\/blog\/locations-chalets-courchevel\/#primaryimage"},"image":{"@id":"https:\/\/www.locationlacannecy.fr\/blog\/locations-chalets-courchevel\/#primaryimage"},"thumbnailUrl":"https:\/\/www.locationlacannecy.fr\/blog\/wp-content\/uploads\/2026\/03\/chalet-courchevel-luxe.webp","datePublished":"2026-03-06T12:02:05+00:00","dateModified":"2026-03-26T11:58:22+00:00","description":"R\u00e9servez votre chalet \u00e0 Courchevel pour des vacances familiales inoubliables. Confort, espace et prestations haut de gamme \u00e0 la montagne.","breadcrumb":{"@id":"https:\/\/www.locationlacannecy.fr\/blog\/locations-chalets-courchevel\/#breadcrumb"},"inLanguage":"fr","potentialAction":[{"@type":"ReadAction","target":["https:\/\/www.locationlacannecy.fr\/blog\/locations-chalets-courchevel\/"]}]},{"@type":"ImageObject","inLanguage":"fr","@id":"https:\/\/www.locationlacannecy.fr\/blog\/locations-chalets-courchevel\/#primaryimage","url":"https:\/\/www.locationlacannecy.fr\/blog\/wp-content\/uploads\/2026\/03\/chalet-courchevel-luxe.webp","contentUrl":"https:\/\/www.locationlacannecy.fr\/blog\/wp-content\/uploads\/2026\/03\/chalet-courchevel-luxe.webp","width":1920,"height":650,"caption":"chalet courchevel luxe"},{"@type":"BreadcrumbList","@id":"https:\/\/www.locationlacannecy.fr\/blog\/locations-chalets-courchevel\/#breadcrumb","itemListElement":[{"@type":"ListItem","position":1,"name":"Home","item":"https:\/\/www.locationlacannecy.fr\/blog\/"},{"@type":"ListItem","position":2,"name":"Nos locations de chalets \u00e0 Courchevel"}]},{"@type":"WebSite","@id":"https:\/\/www.locationlacannecy.fr\/blog\/#website","url":"https:\/\/www.locationlacannecy.fr\/blog\/","name":"https:\/\/www.locationlacannecy.fr\/blog\/","description":"by LLA Selections \/\/ Location Lac Annecy","publisher":{"@id":"https:\/\/www.locationlacannecy.fr\/blog\/#organization"},"alternateName":"https:\/\/www.locationlacannecy.fr","potentialAction":[{"@type":"SearchAction","target":{"@type":"EntryPoint","urlTemplate":"https:\/\/www.locationlacannecy.fr\/blog\/?s={search_term_string}"},"query-input":{"@type":"PropertyValueSpecification","valueRequired":true,"valueName":"search_term_string"}}],"inLanguage":"fr"},{"@type":"Organization","@id":"https:\/\/www.locationlacannecy.fr\/blog\/#organization","name":"Blog de Location lac Annecy","url":"https:\/\/www.locationlacannecy.fr\/blog\/","logo":{"@type":"ImageObject","inLanguage":"fr","@id":"https:\/\/www.locationlacannecy.fr\/blog\/#\/schema\/logo\/image\/","url":"https:\/\/www.locationlacannecy.fr\/blog\/wp-content\/uploads\/2023\/01\/LLA-Selections-Publication-Facebook.png","contentUrl":"https:\/\/www.locationlacannecy.fr\/blog\/wp-content\/uploads\/2023\/01\/LLA-Selections-Publication-Facebook.png","width":940,"height":788,"caption":"Blog de Location lac Annecy"},"image":{"@id":"https:\/\/www.locationlacannecy.fr\/blog\/#\/schema\/logo\/image\/"},"sameAs":["https:\/\/www.facebook.com\/locationlacannecy","https:\/\/www.instagram.com\/locationsaisonnierealpes\/","https:\/\/www.linkedin.com\/company\/location-lac-annecy-lla\/"]}]}},"_links":{"self":[{"href":"https:\/\/www.locationlacannecy.fr\/blog\/wp-json\/wp\/v2\/pages\/8261","targetHints":{"allow":["GET"]}}],"collection":[{"href":"https:\/\/www.locationlacannecy.fr\/blog\/wp-json\/wp\/v2\/pages"}],"about":[{"href":"https:\/\/www.locationlacannecy.fr\/blog\/wp-json\/wp\/v2\/types\/page"}],"author":[{"embeddable":true,"href":"https:\/\/www.locationlacannecy.fr\/blog\/wp-json\/wp\/v2\/users\/5"}],"replies":[{"embeddable":true,"href":"https:\/\/www.locationlacannecy.fr\/blog\/wp-json\/wp\/v2\/comments?post=8261"}],"version-history":[{"count":65,"href":"https:\/\/www.locationlacannecy.fr\/blog\/wp-json\/wp\/v2\/pages\/8261\/revisions"}],"predecessor-version":[{"id":8514,"href":"https:\/\/www.locationlacannecy.fr\/blog\/wp-json\/wp\/v2\/pages\/8261\/revisions\/8514"}],"wp:featuredmedia":[{"embeddable":true,"href":"https:\/\/www.locationlacannecy.fr\/blog\/wp-json\/wp\/v2\/media\/8264"}],"wp:attachment":[{"href":"https:\/\/www.locationlacannecy.fr\/blog\/wp-json\/wp\/v2\/media?parent=8261"}],"curies":[{"name":"wp","href":"https:\/\/api.w.org\/{rel}","templated":true}]}}